{"id":509,"date":"2022-02-09T10:51:09","date_gmt":"2022-02-09T09:51:09","guid":{"rendered":"https:\/\/www.bcd.bzh\/becedia\/bretagne-1972\/?page_id=509"},"modified":"2022-10-14T13:45:23","modified_gmt":"2022-10-14T11:45:23","slug":"chronologie","status":"publish","type":"page","link":"http:\/\/www.bcd.bzh\/becedia\/bretagne-1972\/chronologie\/","title":{"rendered":"Dates cl\u00e9s"},"content":{"rendered":"\n<p class=\"has-text-align-right\">Image d&#8217;illustration : Jacques Gourmelen<\/p>\n\n\n\n<h2 class=\"wp-block-heading\" id=\"l-annee-1972-en-bretagne-c-etait\">L&#8217;ann\u00e9e 1972 en Bretagne c&#8217;\u00e9tait :<\/h2>\n\n\n<div id=\"bcd-frise-timelinejs-block_623457738ca7f\" class=\"wp-block-cover alignwide bcd-frise-timelinejs\">\n<div id='timeline-embed' style=\"width: 100%; height: 600px\"><\/div>\n\n         <script type=\"text\/javascript\">\n            var options = {\n                language: 'fr'\n              }\n            window.timeline = new TL.Timeline('timeline-embed', frise72, options);\n        <\/script>\n\n<\/div>\n \n\n\n\n<h2 class=\"has-text-align-center wp-block-heading\" id=\"fin-1971\">Fin 1971<\/h2>\n\n\n\n<p><strong>28 d\u00e9cembre 1971&nbsp;: Anjela Duval dans l\u2019\u00e9mission<a href=\"http:\/\/www.bretania.bzh\/portail\/doc\/INA\/Region00749\" target=\"_blank\" rel=\"noreferrer noopener\"> \u00ab&nbsp;Les conteurs&nbsp;\u00bb<\/a> d\u2019Andr\u00e9 Voisin<\/strong><\/p>\n\n\n\n<h2 class=\"has-text-align-center wp-block-heading\" id=\"janvier\">Janvier<\/h2>\n\n\n\n<p>9 janvier&nbsp;: Naissance du Groupement des producteurs de sel de la presqu\u2019\u00eele gu\u00e9randaise<\/p>\n\n\n\n<p>13 janvier 1972&nbsp;: Explosion d\u2019un bulldozer (Pierric, 44), action revendiqu\u00e9e par le FLB-ARB \u2013 7<sup>e<\/sup> kevrenn<\/p>\n\n\n\n<p>17 janvier&nbsp;: Explosion au si\u00e8ge du Cr\u00e9dit agricole (Rennes), action revendiqu\u00e9e par le FLB-ARB \u2013 7<sup>e<\/sup> kevrenn<\/p>\n\n\n\n<p>28 janvier&nbsp;: Explosion au palais de justice de Redon, action revendiqu\u00e9e par le FLB-ARB \u2013 7<sup>e<\/sup> kevrenn<\/p>\n\n\n\n<p>28 janvier&nbsp;: <a href=\"https:\/\/www.bcd.bzh\/becedia\/bretagne-1972\/societe\/nantes-a-lepreuve-des-incendies\/\" target=\"_blank\" rel=\"noreferrer noopener\">Incendie de la cath\u00e9drale<\/a> Saint-Pierre-et-Saint-Paul de Nantes<\/p>\n\n\n\n<h2 class=\"has-text-align-center wp-block-heading\" id=\"fevrier\">F\u00e9vrier<\/h2>\n\n\n\n<p>F\u00e9vrier&nbsp;: Gr\u00e8ve d\u2019une semaine chez Chaffoteaux-et-Maury (Saint-Brieuc)<\/p>\n\n\n\n<p>14 f\u00e9vrier&nbsp;: Les sections CGT et CFDT du Joint fran\u00e7ais d\u00e9posent un cahier de revendications<\/p>\n\n\n\n<p>18 f\u00e9vrier&nbsp;: Explosion \u00e0 l\u2019inspection acad\u00e9mique, Saint-Brieuc. Action revendiqu\u00e9e par le FLB<\/p>\n\n\n\n<p>20 f\u00e9vrier&nbsp;: Explosion d\u2019un bulldozer (Pierric, 44), action revendiqu\u00e9e par le FLB-ARB \u2013 7<sup>e<\/sup> kevrenn<\/p>\n\n\n\n<p>23 f\u00e9vrier&nbsp;: D\u00e9but des d\u00e9brayages au Joint fran\u00e7ais<\/p>\n\n\n\n<p>24 f\u00e9vrier&nbsp;: Explosion de la statue de Hoche (Quiberon), action revendiqu\u00e9e par le FLB-ARB \u2013 7<sup>e<\/sup> kevrenn<\/p>\n\n\n\n<p><strong>28 f\u00e9vrier&nbsp;: <a href=\"https:\/\/www.bcd.bzh\/becedia\/bretagne-1972\/reveil-culturel\/alan-stivell-a-lolympia-en-1972\/\" target=\"_blank\" rel=\"noreferrer noopener\">Alan Stivell \u00e0 l\u2019Olympia<\/a>, diffus\u00e9 en direct sur Europe 1, avec 7 millions d\u2019auditeurs&nbsp;; disque live en mai 1972, vendu \u00e0 2 millions d\u2019exemplaires<\/strong><\/p>\n\n\n\n<p>F\u00e9vrier-mars&nbsp;: Gr\u00e8ve avec occupation \u00e0 Paris S.A. (Nantes)<\/p>\n\n\n\n<h2 class=\"has-text-align-center wp-block-heading\" id=\"mars\">Mars<\/h2>\n\n\n\n<p>7&nbsp; mars : Joint Fran\u00e7ais. La ma\u00eetrise, apr\u00e8s avoir remis une motion \u00e0 la direction, rejoint le mouvement<\/p>\n\n\n\n<p>10&nbsp;mars : Joint Fran\u00e7ais. Les travailleurs votent en faveur d\u2019une gr\u00e8ve illimit\u00e9e<\/p>\n\n\n\n<p>10 mars&nbsp;: Robert Gu\u00e9nard et Gildas Durand condamn\u00e9s par le tribunal de grande instance de Saint-Malo \u00e0 un an (6 mois avec sursis) et 10 mois (5 mois avec sursis) de prison pour l\u2019attentat du 1<sup>er<\/sup> avril 1971 contre le service des douanes de Saint-Malo (premiers condamn\u00e9s du FLB)<\/p>\n\n\n\n<p>13&nbsp;mars : D\u00e9but de la gr\u00e8ve du Joint fran\u00e7ais&nbsp;: occupation de l\u2019usine<\/p>\n\n\n\n<p><strong>13 mars \u2013 9 mai&nbsp;: Gr\u00e8ve du <a href=\"https:\/\/www.bcd.bzh\/becedia\/bretagne-1972\/mouvements-sociaux\/la-greve-du-joint-francais-a-saint-brieuc\/\" target=\"_blank\" rel=\"noreferrer noopener\">Joint fran\u00e7ais<\/a> (Saint-Brieuc)<\/strong><\/p>\n\n\n\n<p>16 mars : Cr\u00e9ation d\u2019un comit\u00e9 de solidarit\u00e9 Bretagne-Irlande<\/p>\n\n\n\n<p>17 mars&nbsp;: Les gendarmes mobiles occupent l\u2019usine du Joint fran\u00e7ais. La sympathie augmente pour les travailleurs du Joint. Cr\u00e9ation du Comit\u00e9 de soutien de Saint-Brieuc regroupant&nbsp;: PSU, PS, LC, FDSEA, CNJA, Amis de&nbsp;<em>Politique-Hebdo<\/em>, Comit\u00e9s lyc\u00e9ens, Foyer Paul Bert (FJT). Les comit\u00e9s de soutien se multiplient ensuite dans toute la Bretagne<\/p>\n\n\n\n<p>21 mars&nbsp;: Manifestation suivie d\u2019un gala de solidarit\u00e9 anim\u00e9 par des chanteurs bretons&nbsp;: Servat, Glenmor, Kirjuhel et Kerguiduff. Environ 5 000 personnes ont assist\u00e9 au meeting organis\u00e9 \u00e0 Saint-Brieuc par les Unions d\u00e9partementales des syndicats CGT, CFDT et FO, par solidarit\u00e9 avec les gr\u00e9vistes du Joint fran\u00e7ais<\/p>\n\n\n\n<p>22&nbsp;mars : Joint Fran\u00e7ais. Premi\u00e8res livraisons de produits agricoles. La solidarit\u00e9 des paysans sera ensuite constante et croissante<\/p>\n\n\n\n<p><strong>25 mars&nbsp;: <a href=\"http:\/\/www.bcd.bzh\/becedia\/bretagne-1972\/article\/mars-1972-les-etats-generaux-de-lenvironnement-en-bretagne\/\" target=\"_blank\" rel=\"noreferrer noopener\">\u00c9tats g\u00e9n\u00e9raux de l\u2019environnement en Bretagne<\/a><\/strong><\/p>\n\n\n\n<p><strong>28 mars&nbsp;: Une assembl\u00e9e intercommunale de syndicats agricoles d\u00e9cide la cr\u00e9ation d\u2019un comit\u00e9 de d\u00e9fense contre l<a href=\"https:\/\/www.bcd.bzh\/becedia\/bretagne-1972\/mouvements-sociaux\/notre-dame-des-landes-cinquante-ans-de-resistance\/\" target=\"_blank\" rel=\"noreferrer noopener\">e projet d\u2019a\u00e9roport \u00e0 Notre-Dame-des-Landes<\/a>. Un premier tract est diffus\u00e9<\/strong><\/p>\n\n\n\n<p>30 mars&nbsp;: Joint Fran\u00e7ais. 300 manifestants \u00e0 Saint-Brieuc<\/p>\n\n\n\n<h2 class=\"has-text-align-center wp-block-heading\" id=\"avril\">Avril<\/h2>\n\n\n\n<p>4&nbsp;avril : Joint Fran\u00e7ais. Spectacle \u00ab&nbsp;6 heures pour le Joint&nbsp;\u00bb<\/p>\n\n\n\n<p>5&nbsp;avril : Joint Fran\u00e7ais. Durcissement du conflit&nbsp;: les gr\u00e9vistes envahissent les locaux de la Direction d\u00e9partementale de la main-d\u2019\u0153uvre o\u00f9 se d\u00e9roulaient les discussions entre le directeur g\u00e9n\u00e9ral du Joint Fran\u00e7ais, venu de Paris, le directeur du personnel, le directeur de l\u2019usine de Saint-Brieuc et les responsables syndicaux<\/p>\n\n\n\n<p>Nuit du 5 au 6 avril&nbsp;:<a href=\"https:\/\/www.bcd.bzh\/becedia\/bretagne-1972\/mouvements-sociaux\/la-nuit-du-joint-francais-le-5-avril-1972\/\" target=\"_blank\" rel=\"noreferrer noopener\"> \u00ab&nbsp;S\u00e9questration&nbsp;\u00bb<\/a> des repr\u00e9sentants patronaux par les gr\u00e9vistes, qui donne une nouvelle dimension \u00e0 la gr\u00e8ve<\/p>\n\n\n\n<p><strong>13 avril&nbsp;: explosion de la r\u00e9sidence secondaire Bouygues (St-Coulomb, 35), <\/strong>revendication FLB-ARB \u2013 7<sup>e<\/sup> kevrenn<\/p>\n\n\n\n<p>18 avril&nbsp;: Manifestation de soutien aux travailleurs du Joint fran\u00e7ais rassemblant 12&nbsp;000 personnes. Drapeaux rouges et drapeaux bretons s\u2019y m\u00ealent<\/p>\n\n\n\n<p><strong>18 avril&nbsp;: <a href=\"https:\/\/www.bcd.bzh\/becedia\/bretagne-1972\/societe\/brittany-ferries-laventure-des-paysans-armateurs\/\" target=\"_blank\" rel=\"noreferrer noopener\">Cr\u00e9ation de la Brittany Ferries<\/a><\/strong> par Andr\u00e9 Colin, Alexis Gourvennec et Jean H\u00e9naff<\/p>\n\n\n\n<p><strong>25-26 avril&nbsp;: <a href=\"https:\/\/www.bcd.bzh\/becedia\/bretagne-1972\/mouvements-sociaux\/16-manifestation-de-commercants-et-artisans-a-plonevez-du-faou-le-25-avril-1972\/\" target=\"_blank\" rel=\"noreferrer noopener\">\u00c9meute des petits commer\u00e7ants et artisans \u00e0 Plon\u00e9vez-du-Faou<\/a>, anim\u00e9e par le maire, Jean Hourmant<\/strong><\/p>\n\n\n\n<p>27&nbsp;:&nbsp;<em>La Nation<\/em>, organe central de l\u2019Union des D\u00e9mocrates pour la R\u00e9publique, d\u00e9nonce \u00ab&nbsp;la funeste et incompr\u00e9hensible attitude des dirigeants du Joint fran\u00e7ais&nbsp;\u00bb. Le soutien aux travailleurs du Joint est d\u00e9sormais unanime<\/p>\n\n\n\n<h2 class=\"has-text-align-center wp-block-heading\" id=\"mai\">Mai<\/h2>\n\n\n\n<p>1<sup>er&nbsp;<\/sup>mai : Les ouvriers du Joint fran\u00e7ais sont \u00e0 l\u2019honneur dans le d\u00e9fil\u00e9 de l\u2019extr\u00eame gauche \u00e0 Paris<\/p>\n\n\n\n<p>3&nbsp;mai : Joint Fran\u00e7ais. Manifestation \u00e0 Saint-Brieuc \u00e0 laquelle participent 6&nbsp;000 personnes. Mais des manifestations rassemblent des milliers de personnes dans plusieurs autres villes de Bretagne (Brest, Landerneau, Carhaix, Quimper, Lorient, Vannes, Pontivy)<\/p>\n\n\n\n<p>6 mai&nbsp;: Joint Fran\u00e7ais. R\u00e9daction du protocole d\u2019accord, avec notamment une augmentation de 65 centimes du salaire horaire en deux fois, et une prime de fin d\u2019ann\u00e9e<\/p>\n\n\n\n<p>8 mai&nbsp;: Joint Fran\u00e7ais. Vote des gr\u00e9vistes en faveur de la reprise du travail<\/p>\n\n\n\n<p>9&nbsp; mai : Joint Fran\u00e7ais. Reprise du travail<\/p>\n\n\n\n<p>12 mai&nbsp;: Sortie du film <em><a href=\"http:\/\/www.bed.bzh\/fr\/films\/avoir-20-ans-dans-les-aures\/\" target=\"_blank\" rel=\"noreferrer noopener\">Avoir vingt ans dans les Aur\u00e8s<\/a><\/em>, r\u00e9alis\u00e9 par Ren\u00e9 Vautier<\/p>\n\n\n\n<p><strong>17 mai \u2013 4 juin&nbsp;: <a href=\"https:\/\/www.bcd.bzh\/becedia\/bretagne-1972\/mouvements-sociaux\/contestations-paysannes-en-bretagne-la-greve-du-lait\/\" target=\"_blank\" rel=\"noreferrer noopener\">Gr\u00e8ve du lait<\/a><\/strong><\/p>\n\n\n\n<p>17 mai&nbsp;: Invasion de la coop\u00e9rative de Landerneau par 400 paysans<\/p>\n\n\n\n<p>23 mai&nbsp;: D\u00e9but de la gr\u00e8ve du lait proprement dite avec les premiers blocages de camions de collecte \u00e0 Guiscriff. Incidents violents \u00e0 l\u2019usine Entremont de Quimper<\/p>\n\n\n\n<h2 class=\"has-text-align-center wp-block-heading\" id=\"juin\">Juin<\/h2>\n\n\n\n<p>Juin&nbsp;: Les Tri Yann sortent leur premier disque, sur le label Kelenn&nbsp;: <em>Tri Yann an Naoned<\/em>.<\/p>\n\n\n\n<p>22 juin&nbsp;: Journ\u00e9e r\u00e9gionale d\u2019\u00e9tude sur le saumon \u00e0 Lorient. Pr\u00e9sentation du livre blanc de l\u2019APPSB \u00ab&nbsp;Le saumon, richesse bretonne \u00e0 d\u00e9velopper&nbsp;\u00bb<\/p>\n\n\n\n<h2 class=\"has-text-align-center wp-block-heading\" id=\"juillet\">Juillet<\/h2>\n\n\n\n<p>2-4 juillet&nbsp;: Passage du <a href=\"https:\/\/www.bcd.bzh\/becedia\/bretagne-1972\/societe\/le-heros-malheureux-du-tour-de-france-1972\/\" target=\"_blank\" rel=\"noreferrer noopener\">Tour de France<\/a> en Bretagne (Saint-Brieuc, La Baule, Pornichet)<\/p>\n\n\n\n<p>12 juillet&nbsp;: Condamnation d\u2019Andr\u00e9 Gilles, directeur d\u2019un abattoir \u00e0 Collin\u00e9e (22), \u00e0 un an de prison dont trois mois ferme pour pollution des eaux de la Rance<\/p>\n\n\n\n<p>31 juillet&nbsp;: D\u00e9but des op\u00e9rations de nettoyage du Scorff, \u00e0 l\u2019initiative de l\u2019APPSB et de l\u2019APP de Plouay. C\u2019est le premier grand chantier de nettoyage de rivi\u00e8re<\/p>\n\n\n\n<h2 class=\"has-text-align-center wp-block-heading\" id=\"aout\">Ao\u00fbt<\/h2>\n\n\n\n<p><strong>2-6 ao\u00fbt&nbsp;: <a href=\"https:\/\/www.bcd.bzh\/becedia\/bretagne-1972\/reveil-culturel\/lorient-cinquante-ans-de-fetes-interceltiques\/\" target=\"_blank\" rel=\"noreferrer noopener\">Festival interceltique<\/a> des Cornemuses de Lorient 1972<\/strong> avec Gilles Servat, Tri Yann, Youenn Gwernig, les s\u0153urs Goadec\u2026 Le bagad Saint-Marc de Brest remporte le championnat national des bagado\u00f9<\/p>\n\n\n\n<p>5 ao\u00fbt&nbsp;: Explosion \u00e0 la gare SNCF de Rennes, revendication FLB<\/p>\n\n\n\n<p>13 ao\u00fbt&nbsp;: premi\u00e8re \u00e9dition du festival \u00ab&nbsp;pop celtic&nbsp;\u00bb de Kertalg \u00e0 Mo\u00eblan-sur-mer avec \u00e0 l&#8217;affiche Alan Stivell, les s\u0153urs Goadec, Gilles Servat, Tri Yann, Gweltaz ar Fur, Diaouled ar Menez\u2026<\/p>\n\n\n\n<p>26 ao\u00fbt-11 septembre&nbsp;: Jeux olympiques de Munich : M\u00e9daill\u00e9s bretons&nbsp;: Gilles Bertould &amp; Francis Kerbiriou (m\u00e9daille de bronze du 4x400m)&nbsp;; Marc &amp; Yves Pajot (m\u00e9daille d\u2019argent Flying Dutchman)<\/p>\n\n\n\n<h2 class=\"has-text-align-center wp-block-heading\" id=\"septembre\">Septembre<\/h2>\n\n\n\n<p>Septembre&nbsp;: Naissance de la section rennaise de <a href=\"https:\/\/www.bcd.bzh\/becedia\/bretagne-1972\/societe\/le-mouvement-francais-pour-le-planning-familial-en-bretagne\/\" target=\"_blank\" rel=\"noreferrer noopener\">Choisir<\/a>, mouvement de lutte pour la d\u00e9p\u00e9nalisation de l\u2019avortement<\/p>\n\n\n\n<p><strong>11 septembre \u2013 4 novembre&nbsp;: <a href=\"https:\/\/www.bcd.bzh\/becedia\/bretagne-1972\/mouvements-sociaux\/la-greve-de-big-dutchman-a-saint-carreuc-11-septembre-4-novembre-1972\/\" target=\"_blank\" rel=\"noreferrer noopener\">Gr\u00e8ve de Big Dutchmann<\/a> (St-Carreuc, 22)<\/strong><\/p>\n\n\n\n<p><strong>25 septembre \u2013 24 novembre&nbsp;: <a href=\"http:\/\/bcd.bzh\/becedia\/bretagne-1972\/mouvements-sociaux\/la-greve-de-la-sa-des-kaolins-de-bretagne-a-plemet-25-septembre-24-novembre-1972\/\" target=\"_blank\" rel=\"noreferrer noopener\">Gr\u00e8ve des Kaolins de Pl\u00e9me<\/a>t (22)<\/strong><\/p>\n\n\n\n<p>29 septembre : Cr\u00e9ation du Collier de l&#8217;Hermine par le CELIB. Il est d\u00e9cern\u00e9 pour la premi\u00e8re fois \u00e0 Ren\u00e9 Pl\u00e9ven.<\/p>\n\n\n\n<h2 class=\"has-text-align-center wp-block-heading\" id=\"octobre\">Octobre<\/h2>\n\n\n\n<p><strong>3-10 octobre&nbsp;: <a href=\"https:\/\/www.bcd.bzh\/becedia\/bretagne-1972\/mouvements-sociaux\/un-phenomene-de-violence-politique-le-flb-et-larb-1966-2000\/\" target=\"_blank\" rel=\"noreferrer noopener\">Proc\u00e8s de 11 membres pr\u00e9sum\u00e9s du FLB<\/a><\/strong> (3 acquittements, 8 sursis)<\/p>\n\n\n\n<h2 class=\"has-text-align-center wp-block-heading\" id=\"novembre\">Novembre<\/h2>\n\n\n\n<p>Novembre&nbsp;: Gr\u00e8ve aux Chantiers de l\u2019Atlantique (Saint-Nazaire)<\/p>\n\n\n\n<p>9 novembre \u2013 9 f\u00e9vrier 1973&nbsp;: Gr\u00e8ve \u00e0 la SPLI de Foug\u00e8res<\/p>\n\n\n\n<p>12 novembre&nbsp;: Manifeste des chanteurs bretons sign\u00e9 \u00e0 Plessala<\/p>\n\n\n\n<p><strong>23 novembre&nbsp;: <a href=\"https:\/\/www.bcd.bzh\/becedia\/bretagne-1972\/reveil-culturel\/la-creation-de-lassociation-dastum-le-23-novembre-1972\/\" target=\"_blank\" rel=\"noreferrer noopener\">Cr\u00e9ation de Dastum<\/a><\/strong> (d\u00e9claration au Journal officiel)<\/p>\n\n\n\n<p><strong>25 novembre&nbsp;: Assembl\u00e9e g\u00e9n\u00e9rale constitutive de l\u2019<a href=\"http:\/\/www.bcd.bzh\/becedia\/bretagne-1972\/societe\/lunion-regionale-bretonne-de-lenvironnement\/\" target=\"_blank\" rel=\"noreferrer noopener\">Union R\u00e9gionale Bretonne de l\u2019Environnement<\/a><\/strong><\/p>\n\n\n\n<p>26 novembre : Manifestation pour la langue bretonne \u00e0 Pontivy, organis\u00e9e par Emgleo Breiz, Kuzul ar Brezhoneg et Skol an Emsav<\/p>\n\n\n\n<h2 class=\"has-text-align-center wp-block-heading\" id=\"decembre\">D\u00e9cembre<\/h2>\n\n\n\n<p>D\u00e9cembre&nbsp;: Le Comit\u00e9 de d\u00e9fense \u00e0 <a href=\"https:\/\/www.bcd.bzh\/becedia\/bretagne-1972\/mouvements-sociaux\/notre-dame-des-landes-cinquante-ans-de-resistance\/\" target=\"_blank\" rel=\"noreferrer noopener\">Notre-Dame-des-Landes<\/a> se constitue en Association de d\u00e9fense des exploitants concern\u00e9s par l\u2019a\u00e9roport (ADECA)<\/p>\n\n\n\n<p>D\u00e9cembre&nbsp;: Les <a href=\"https:\/\/www.bcd.bzh\/becedia\/bretagne-1972\/reveil-culturel\/yann-goasdoue-talabarder-de-diaouled-ar-menez\/\" target=\"_blank\" rel=\"noreferrer noopener\">Diaouled ar Menez<\/a> sortent leur premier 45 tours, sur le label Kelenn&nbsp;: <em>En Dro \u2013 Ton Doubl<\/em><\/p>\n\n\n\n<p>5 d\u00e9cembre&nbsp;: Explosion du service des imp\u00f4ts de Saint-Brieuc, revendication FLB-ARB<\/p>\n\n\n\n<p>8 d\u00e9cembre&nbsp;: Explosion du centre des imp\u00f4ts de Saint-Brieuc, revendication FLB<\/p>\n\n\n\n<p>9 d\u00e9cembre&nbsp;: Cr\u00e9ation de la pi\u00e8ce de th\u00e9\u00e2tre <em><a href=\"http:\/\/bretania.bzh\/portail\/doc\/MUSEEBRETON\/846a2a32-9062-4ac4-88c0-b0e719d8f5f9\" target=\"_blank\" rel=\"noreferrer noopener\">Le Printemps des Bonnets rouges<\/a><\/em>, de Paol Keineg, \u00e0 la Cartoucherie de Vincennes. Mise en sc\u00e8ne par Jean-Marie Serreau. Publication chez P.J. Oswald<\/p>\n\n\n\n<p>8-21 d\u00e9cembre&nbsp;: Gr\u00e8ve au magasin Mammouth (Saint-Brieuc)<\/p>\n","protected":false},"excerpt":{"rendered":"<p>Image d&#8217;illustration : Jacques Gourmelen L&#8217;ann\u00e9e 1972 en Bretagne c&#8217;\u00e9tait : Fin 1971 28 d\u00e9cembre 1971&nbsp;: Anjela Duval dans l\u2019\u00e9mission \u00ab&nbsp;Les conteurs&nbsp;\u00bb d\u2019Andr\u00e9 Voisin Janvier 9 janvier&nbsp;: Naissance du Groupement des producteurs de sel de la presqu\u2019\u00eele gu\u00e9randaise 13 janvier 1972&nbsp;: Explosion d\u2019un bulldozer (Pierric, 44), action revendiqu\u00e9e par le FLB-ARB \u2013 7e kevrenn 17&hellip; <a class=\"more-link\" href=\"http:\/\/www.bcd.bzh\/becedia\/bretagne-1972\/chronologie\/\">Poursuivre la lecture <span class=\"screen-reader-text\">Dates cl\u00e9s<\/span><\/a><\/p>\n","protected":false},"author":5,"featured_media":1038,"parent":0,"menu_order":0,"comment_status":"closed","ping_status":"closed","template":"","meta":{"inline_featured_image":false,"footnotes":""},"class_list":["post-509","page","type-page","status-publish","has-post-thumbnail","hentry","entry"],"acf":[],"yoast_head":"<!-- This site is optimized with the Yoast SEO plugin v27.5 - https:\/\/yoast.com\/product\/yoast-seo-wordpress\/ -->\n<title>Dates cl\u00e9s - La Bretagne en 1972<\/title>\n<meta name=\"robots\" content=\"index, follow, max-snippet:-1, max-image-preview:large, max-video-preview:-1\" \/>\n<link rel=\"canonical\" href=\"https:\/\/www.bcd.bzh\/becedia\/bretagne-1972\/chronologie\/\" \/>\n<meta property=\"og:locale\" content=\"fr_FR\" \/>\n<meta property=\"og:type\" content=\"article\" \/>\n<meta property=\"og:title\" content=\"Dates cl\u00e9s - La Bretagne en 1972\" \/>\n<meta property=\"og:description\" content=\"Image d&#8217;illustration : Jacques Gourmelen L&#8217;ann\u00e9e 1972 en Bretagne c&#8217;\u00e9tait : Fin 1971 28 d\u00e9cembre 1971&nbsp;: Anjela Duval dans l\u2019\u00e9mission \u00ab&nbsp;Les conteurs&nbsp;\u00bb d\u2019Andr\u00e9 Voisin Janvier 9 janvier&nbsp;: Naissance du Groupement des producteurs de sel de la presqu\u2019\u00eele gu\u00e9randaise 13 janvier 1972&nbsp;: Explosion d\u2019un bulldozer (Pierric, 44), action revendiqu\u00e9e par le FLB-ARB \u2013 7e kevrenn 17&hellip; Poursuivre la lecture Dates cl\u00e9s\" \/>\n<meta property=\"og:url\" content=\"https:\/\/www.bcd.bzh\/becedia\/bretagne-1972\/chronologie\/\" \/>\n<meta property=\"og:site_name\" content=\"La Bretagne en 1972\" \/>\n<meta property=\"article:modified_time\" content=\"2022-10-14T11:45:23+00:00\" \/>\n<meta property=\"og:image\" content=\"https:\/\/www.bcd.bzh\/becedia\/bretagne-1972\/wp-content\/uploads\/2022\/02\/bretagne_1972.jpg\" \/>\n\t<meta property=\"og:image:width\" content=\"1354\" \/>\n\t<meta property=\"og:image:height\" content=\"700\" \/>\n\t<meta property=\"og:image:type\" content=\"image\/jpeg\" \/>\n<meta name=\"twitter:card\" content=\"summary_large_image\" \/>\n<meta name=\"twitter:label1\" content=\"Dur\u00e9e de lecture estim\u00e9e\" \/>\n\t<meta name=\"twitter:data1\" content=\"7 minutes\" \/>\n<script type=\"application\/ld+json\" class=\"yoast-schema-graph\">{\"@context\":\"https:\\\/\\\/schema.org\",\"@graph\":[{\"@type\":\"WebPage\",\"@id\":\"https:\\\/\\\/www.bcd.bzh\\\/becedia\\\/bretagne-1972\\\/chronologie\\\/\",\"url\":\"https:\\\/\\\/www.bcd.bzh\\\/becedia\\\/bretagne-1972\\\/chronologie\\\/\",\"name\":\"Dates cl\u00e9s - La Bretagne en 1972\",\"isPartOf\":{\"@id\":\"\\\/#website\"},\"primaryImageOfPage\":{\"@id\":\"https:\\\/\\\/www.bcd.bzh\\\/becedia\\\/bretagne-1972\\\/chronologie\\\/#primaryimage\"},\"image\":{\"@id\":\"https:\\\/\\\/www.bcd.bzh\\\/becedia\\\/bretagne-1972\\\/chronologie\\\/#primaryimage\"},\"thumbnailUrl\":\"http:\\\/\\\/www.bcd.bzh\\\/becedia\\\/bretagne-1972\\\/wp-content\\\/uploads\\\/2022\\\/02\\\/bretagne_1972.jpg\",\"datePublished\":\"2022-02-09T09:51:09+00:00\",\"dateModified\":\"2022-10-14T11:45:23+00:00\",\"breadcrumb\":{\"@id\":\"https:\\\/\\\/www.bcd.bzh\\\/becedia\\\/bretagne-1972\\\/chronologie\\\/#breadcrumb\"},\"inLanguage\":\"fr-FR\",\"potentialAction\":[{\"@type\":\"ReadAction\",\"target\":[\"https:\\\/\\\/www.bcd.bzh\\\/becedia\\\/bretagne-1972\\\/chronologie\\\/\"]}]},{\"@type\":\"ImageObject\",\"inLanguage\":\"fr-FR\",\"@id\":\"https:\\\/\\\/www.bcd.bzh\\\/becedia\\\/bretagne-1972\\\/chronologie\\\/#primaryimage\",\"url\":\"http:\\\/\\\/www.bcd.bzh\\\/becedia\\\/bretagne-1972\\\/wp-content\\\/uploads\\\/2022\\\/02\\\/bretagne_1972.jpg\",\"contentUrl\":\"http:\\\/\\\/www.bcd.bzh\\\/becedia\\\/bretagne-1972\\\/wp-content\\\/uploads\\\/2022\\\/02\\\/bretagne_1972.jpg\",\"width\":1354,\"height\":700},{\"@type\":\"BreadcrumbList\",\"@id\":\"https:\\\/\\\/www.bcd.bzh\\\/becedia\\\/bretagne-1972\\\/chronologie\\\/#breadcrumb\",\"itemListElement\":[{\"@type\":\"ListItem\",\"position\":1,\"name\":\"Accueil\",\"item\":\"https:\\\/\\\/www.bcd.bzh\\\/becedia\\\/bretagne-1972\\\/\"},{\"@type\":\"ListItem\",\"position\":2,\"name\":\"Dates cl\u00e9s\"}]},{\"@type\":\"WebSite\",\"@id\":\"\\\/#website\",\"url\":\"\\\/\",\"name\":\"La Bretagne en 1972\",\"description\":\"\",\"publisher\":{\"@id\":\"\\\/#organization\"},\"potentialAction\":[{\"@type\":\"SearchAction\",\"target\":{\"@type\":\"EntryPoint\",\"urlTemplate\":\"\\\/?s={search_term_string}\"},\"query-input\":{\"@type\":\"PropertyValueSpecification\",\"valueRequired\":true,\"valueName\":\"search_term_string\"}}],\"inLanguage\":\"fr-FR\"},{\"@type\":\"Organization\",\"@id\":\"\\\/#organization\",\"name\":\"La Bretagne en 1972\",\"url\":\"\\\/\",\"logo\":{\"@type\":\"ImageObject\",\"inLanguage\":\"fr-FR\",\"@id\":\"\\\/#\\\/schema\\\/logo\\\/image\\\/\",\"url\":\"http:\\\/\\\/www.bcd.bzh\\\/becedia\\\/bretagne-1972\\\/wp-content\\\/uploads\\\/2022\\\/01\\\/site-logo.svg\",\"contentUrl\":\"http:\\\/\\\/www.bcd.bzh\\\/becedia\\\/bretagne-1972\\\/wp-content\\\/uploads\\\/2022\\\/01\\\/site-logo.svg\",\"width\":309,\"height\":107,\"caption\":\"La Bretagne en 1972\"},\"image\":{\"@id\":\"\\\/#\\\/schema\\\/logo\\\/image\\\/\"}}]}<\/script>\n<!-- \/ Yoast SEO plugin. -->","yoast_head_json":{"title":"Dates cl\u00e9s - La Bretagne en 1972","robots":{"index":"index","follow":"follow","max-snippet":"max-snippet:-1","max-image-preview":"max-image-preview:large","max-video-preview":"max-video-preview:-1"},"canonical":"https:\/\/www.bcd.bzh\/becedia\/bretagne-1972\/chronologie\/","og_locale":"fr_FR","og_type":"article","og_title":"Dates cl\u00e9s - La Bretagne en 1972","og_description":"Image d&#8217;illustration : Jacques Gourmelen L&#8217;ann\u00e9e 1972 en Bretagne c&#8217;\u00e9tait : Fin 1971 28 d\u00e9cembre 1971&nbsp;: Anjela Duval dans l\u2019\u00e9mission \u00ab&nbsp;Les conteurs&nbsp;\u00bb d\u2019Andr\u00e9 Voisin Janvier 9 janvier&nbsp;: Naissance du Groupement des producteurs de sel de la presqu\u2019\u00eele gu\u00e9randaise 13 janvier 1972&nbsp;: Explosion d\u2019un bulldozer (Pierric, 44), action revendiqu\u00e9e par le FLB-ARB \u2013 7e kevrenn 17&hellip; Poursuivre la lecture Dates cl\u00e9s","og_url":"https:\/\/www.bcd.bzh\/becedia\/bretagne-1972\/chronologie\/","og_site_name":"La Bretagne en 1972","article_modified_time":"2022-10-14T11:45:23+00:00","og_image":[{"width":1354,"height":700,"url":"https:\/\/www.bcd.bzh\/becedia\/bretagne-1972\/wp-content\/uploads\/2022\/02\/bretagne_1972.jpg","type":"image\/jpeg"}],"twitter_card":"summary_large_image","twitter_misc":{"Dur\u00e9e de lecture estim\u00e9e":"7 minutes"},"schema":{"@context":"https:\/\/schema.org","@graph":[{"@type":"WebPage","@id":"https:\/\/www.bcd.bzh\/becedia\/bretagne-1972\/chronologie\/","url":"https:\/\/www.bcd.bzh\/becedia\/bretagne-1972\/chronologie\/","name":"Dates cl\u00e9s - La Bretagne en 1972","isPartOf":{"@id":"\/#website"},"primaryImageOfPage":{"@id":"https:\/\/www.bcd.bzh\/becedia\/bretagne-1972\/chronologie\/#primaryimage"},"image":{"@id":"https:\/\/www.bcd.bzh\/becedia\/bretagne-1972\/chronologie\/#primaryimage"},"thumbnailUrl":"http:\/\/www.bcd.bzh\/becedia\/bretagne-1972\/wp-content\/uploads\/2022\/02\/bretagne_1972.jpg","datePublished":"2022-02-09T09:51:09+00:00","dateModified":"2022-10-14T11:45:23+00:00","breadcrumb":{"@id":"https:\/\/www.bcd.bzh\/becedia\/bretagne-1972\/chronologie\/#breadcrumb"},"inLanguage":"fr-FR","potentialAction":[{"@type":"ReadAction","target":["https:\/\/www.bcd.bzh\/becedia\/bretagne-1972\/chronologie\/"]}]},{"@type":"ImageObject","inLanguage":"fr-FR","@id":"https:\/\/www.bcd.bzh\/becedia\/bretagne-1972\/chronologie\/#primaryimage","url":"http:\/\/www.bcd.bzh\/becedia\/bretagne-1972\/wp-content\/uploads\/2022\/02\/bretagne_1972.jpg","contentUrl":"http:\/\/www.bcd.bzh\/becedia\/bretagne-1972\/wp-content\/uploads\/2022\/02\/bretagne_1972.jpg","width":1354,"height":700},{"@type":"BreadcrumbList","@id":"https:\/\/www.bcd.bzh\/becedia\/bretagne-1972\/chronologie\/#breadcrumb","itemListElement":[{"@type":"ListItem","position":1,"name":"Accueil","item":"https:\/\/www.bcd.bzh\/becedia\/bretagne-1972\/"},{"@type":"ListItem","position":2,"name":"Dates cl\u00e9s"}]},{"@type":"WebSite","@id":"\/#website","url":"\/","name":"La Bretagne en 1972","description":"","publisher":{"@id":"\/#organization"},"potentialAction":[{"@type":"SearchAction","target":{"@type":"EntryPoint","urlTemplate":"\/?s={search_term_string}"},"query-input":{"@type":"PropertyValueSpecification","valueRequired":true,"valueName":"search_term_string"}}],"inLanguage":"fr-FR"},{"@type":"Organization","@id":"\/#organization","name":"La Bretagne en 1972","url":"\/","logo":{"@type":"ImageObject","inLanguage":"fr-FR","@id":"\/#\/schema\/logo\/image\/","url":"http:\/\/www.bcd.bzh\/becedia\/bretagne-1972\/wp-content\/uploads\/2022\/01\/site-logo.svg","contentUrl":"http:\/\/www.bcd.bzh\/becedia\/bretagne-1972\/wp-content\/uploads\/2022\/01\/site-logo.svg","width":309,"height":107,"caption":"La Bretagne en 1972"},"image":{"@id":"\/#\/schema\/logo\/image\/"}}]}},"_links":{"self":[{"href":"http:\/\/www.bcd.bzh\/becedia\/bretagne-1972\/wp-json\/wp\/v2\/pages\/509","targetHints":{"allow":["GET"]}}],"collection":[{"href":"http:\/\/www.bcd.bzh\/becedia\/bretagne-1972\/wp-json\/wp\/v2\/pages"}],"about":[{"href":"http:\/\/www.bcd.bzh\/becedia\/bretagne-1972\/wp-json\/wp\/v2\/types\/page"}],"author":[{"embeddable":true,"href":"http:\/\/www.bcd.bzh\/becedia\/bretagne-1972\/wp-json\/wp\/v2\/users\/5"}],"replies":[{"embeddable":true,"href":"http:\/\/www.bcd.bzh\/becedia\/bretagne-1972\/wp-json\/wp\/v2\/comments?post=509"}],"version-history":[{"count":31,"href":"http:\/\/www.bcd.bzh\/becedia\/bretagne-1972\/wp-json\/wp\/v2\/pages\/509\/revisions"}],"predecessor-version":[{"id":1507,"href":"http:\/\/www.bcd.bzh\/becedia\/bretagne-1972\/wp-json\/wp\/v2\/pages\/509\/revisions\/1507"}],"wp:featuredmedia":[{"embeddable":true,"href":"http:\/\/www.bcd.bzh\/becedia\/bretagne-1972\/wp-json\/wp\/v2\/media\/1038"}],"wp:attachment":[{"href":"http:\/\/www.bcd.bzh\/becedia\/bretagne-1972\/wp-json\/wp\/v2\/media?parent=509"}],"curies":[{"name":"wp","href":"https:\/\/api.w.org\/{rel}","templated":true}]}}