{"id":16,"date":"2022-01-11T09:03:05","date_gmt":"2022-01-11T08:03:05","guid":{"rendered":"https:\/\/bcd1972.bac-a-sable.org\/?page_id=16"},"modified":"2022-10-14T13:37:26","modified_gmt":"2022-10-14T11:37:26","slug":"societe","status":"publish","type":"page","link":"https:\/\/www.bcd.bzh\/becedia\/bretagne-1972\/societe\/","title":{"rendered":"Soci\u00e9t\u00e9"},"content":{"rendered":"\n<p>En Bretagne, on peut parler des \u00ab&nbsp;ann\u00e9es 1972&nbsp;\u00bb pour caract\u00e9riser la conflictualit\u00e9 d\u2019une d\u00e9cennie marqu\u00e9e par l\u2019essor du gauchisme, l\u2019\u00e9mergence d\u2019une nouvelle vague de f\u00e9minisme ou encore la violence explosive du FLB-ARB.<\/p>\n\n\n\n<p>Mais 1972 symbolise aussi la modernisation de la Bretagne, avec la cr\u00e9ation de la Brittany Ferries ou l&#8217;arriv\u00e9e du num\u00e9rique dans tout le Tr\u00e9gor-Go\u00eblo. Modernisation qui commence \u00e0 \u00eatre contest\u00e9e par les d\u00e9fenseurs de l\u2019environnement qui posent les bases de l\u2019\u00e9cologie politique, \u00e0 Notre-Dame-des-Landes, Collin\u00e9e ou sur le Scorff.<\/p>\n\n\n\n<p>Cinquante ans apr\u00e8s, <strong><a href=\"http:\/\/www.bcd.bzh\" target=\"_blank\" rel=\"noreferrer noopener\">Bretagne Culture Diversit\u00e9<\/a><\/strong> vous invite \u00e0 plonger dans la soci\u00e9t\u00e9 bretonne de 1972.<\/p>\n\n\n\n<p class=\"has-text-align-right\">Image d\u2019illustration :\u00a0Archives priv\u00e9es Laurent Bourdelas<\/p>\n\n\n\n<div style=\"height:1px\" aria-hidden=\"true\" class=\"wp-block-spacer\"><\/div>\n\n\n<ul class=\"wp-block-latest-posts__list is-grid columns-3 alignwide is-style-twentytwentyone-latest-posts-dividers wp-block-latest-posts\"><li><div class=\"wp-block-latest-posts__featured-image aligncenter\"><a href=\"https:\/\/www.bcd.bzh\/becedia\/bretagne-1972\/societe\/an-taol-lagad-special-annee-1972-la-brittany-ferries\/\" aria-label=\"An taol lagad sp\u00e9cial ann\u00e9e 1972 : la Brittany Ferries\"><img loading=\"lazy\" decoding=\"async\" width=\"750\" height=\"415\" src=\"https:\/\/www.bcd.bzh\/becedia\/bretagne-1972\/wp-content\/uploads\/2023\/01\/capture1972.png\" class=\"attachment-large size-large wp-post-image\" alt=\"\" style=\"width:100%;height:55.33%;max-width:900px;max-width:1024px;max-height:1024px;\" srcset=\"https:\/\/www.bcd.bzh\/becedia\/bretagne-1972\/wp-content\/uploads\/2023\/01\/capture1972.png 900w, https:\/\/www.bcd.bzh\/becedia\/bretagne-1972\/wp-content\/uploads\/2023\/01\/capture1972-300x166.png 300w, https:\/\/www.bcd.bzh\/becedia\/bretagne-1972\/wp-content\/uploads\/2023\/01\/capture1972-768x425.png 768w\" sizes=\"auto, (max-width: 750px) 100vw, 750px\" \/><\/a><\/div><a class=\"wp-block-latest-posts__post-title\" href=\"https:\/\/www.bcd.bzh\/becedia\/bretagne-1972\/societe\/an-taol-lagad-special-annee-1972-la-brittany-ferries\/\">An taol lagad sp\u00e9cial ann\u00e9e 1972 : la Brittany Ferries<\/a><\/li>\n<li><div class=\"wp-block-latest-posts__featured-image aligncenter\"><a href=\"https:\/\/www.bcd.bzh\/becedia\/bretagne-1972\/societe\/an-taol-lagad-special-annee-1972-le-proces-du-flb\/\" aria-label=\"An taol lagad sp\u00e9cial ann\u00e9e 1972 : le proc\u00e8s du FLB\"><img loading=\"lazy\" decoding=\"async\" width=\"750\" height=\"425\" src=\"https:\/\/www.bcd.bzh\/becedia\/bretagne-1972\/wp-content\/uploads\/2022\/10\/1972flbfrance3.png\" class=\"attachment-large size-large wp-post-image\" alt=\"\" style=\"width:100%;height:56.64%;max-width:768px;max-width:1024px;max-height:1024px;\" srcset=\"https:\/\/www.bcd.bzh\/becedia\/bretagne-1972\/wp-content\/uploads\/2022\/10\/1972flbfrance3.png 768w, https:\/\/www.bcd.bzh\/becedia\/bretagne-1972\/wp-content\/uploads\/2022\/10\/1972flbfrance3-300x170.png 300w\" sizes=\"auto, (max-width: 750px) 100vw, 750px\" \/><\/a><\/div><a class=\"wp-block-latest-posts__post-title\" href=\"https:\/\/www.bcd.bzh\/becedia\/bretagne-1972\/societe\/an-taol-lagad-special-annee-1972-le-proces-du-flb\/\">An taol lagad sp\u00e9cial ann\u00e9e 1972 : le proc\u00e8s du FLB<\/a><\/li>\n<li><div class=\"wp-block-latest-posts__featured-image aligncenter\"><a href=\"https:\/\/www.bcd.bzh\/becedia\/bretagne-1972\/societe\/an-taol-lagad-special-annee-1972-les-debuts-de-lecologie\/\" aria-label=\"An Taol lagad sp\u00e9cial Ann\u00e9e 1972 &#8211; Les d\u00e9buts de l&#8217;\u00e9cologie\"><img loading=\"lazy\" decoding=\"async\" width=\"750\" height=\"422\" src=\"https:\/\/www.bcd.bzh\/becedia\/bretagne-1972\/wp-content\/uploads\/2022\/06\/environnement-1972-fr3.png\" class=\"attachment-large size-large wp-post-image\" alt=\"\" style=\"width:100%;height:56.22%;max-width:900px;max-width:1024px;max-height:1024px;\" srcset=\"https:\/\/www.bcd.bzh\/becedia\/bretagne-1972\/wp-content\/uploads\/2022\/06\/environnement-1972-fr3.png 900w, https:\/\/www.bcd.bzh\/becedia\/bretagne-1972\/wp-content\/uploads\/2022\/06\/environnement-1972-fr3-300x169.png 300w, https:\/\/www.bcd.bzh\/becedia\/bretagne-1972\/wp-content\/uploads\/2022\/06\/environnement-1972-fr3-768x432.png 768w\" sizes=\"auto, (max-width: 750px) 100vw, 750px\" \/><\/a><\/div><a class=\"wp-block-latest-posts__post-title\" href=\"https:\/\/www.bcd.bzh\/becedia\/bretagne-1972\/societe\/an-taol-lagad-special-annee-1972-les-debuts-de-lecologie\/\">An Taol lagad sp\u00e9cial Ann\u00e9e 1972 &#8211; Les d\u00e9buts de l&#8217;\u00e9cologie<\/a><\/li>\n<li><div class=\"wp-block-latest-posts__featured-image aligncenter\"><a href=\"https:\/\/www.bcd.bzh\/becedia\/bretagne-1972\/temoignage\/danielle-bousquet-militante-feministe-et-ancienne-deputee\/\" aria-label=\"Danielle Bousquet, militante f\u00e9ministe et ancienne d\u00e9put\u00e9e\"><img loading=\"lazy\" decoding=\"async\" width=\"750\" height=\"442\" src=\"https:\/\/www.bcd.bzh\/becedia\/bretagne-1972\/wp-content\/uploads\/2022\/05\/danielle-bousquet.jpg\" class=\"attachment-large size-large wp-post-image\" alt=\"\" style=\"width:100%;height:58.98%;max-width:768px;max-width:1024px;max-height:1024px;\" srcset=\"https:\/\/www.bcd.bzh\/becedia\/bretagne-1972\/wp-content\/uploads\/2022\/05\/danielle-bousquet.jpg 768w, https:\/\/www.bcd.bzh\/becedia\/bretagne-1972\/wp-content\/uploads\/2022\/05\/danielle-bousquet-300x177.jpg 300w\" sizes=\"auto, (max-width: 750px) 100vw, 750px\" \/><\/a><\/div><a class=\"wp-block-latest-posts__post-title\" href=\"https:\/\/www.bcd.bzh\/becedia\/bretagne-1972\/temoignage\/danielle-bousquet-militante-feministe-et-ancienne-deputee\/\">Danielle Bousquet, militante f\u00e9ministe et ancienne d\u00e9put\u00e9e<\/a><\/li>\n<li><div class=\"wp-block-latest-posts__featured-image aligncenter\"><a href=\"https:\/\/www.bcd.bzh\/becedia\/bretagne-1972\/societe\/lunion-regionale-bretonne-de-lenvironnement\/\" aria-label=\"1972: cr\u00e9ation de l\u2019Union R\u00e9gionale Bretonne de l\u2019Environnement\"><img loading=\"lazy\" decoding=\"async\" width=\"750\" height=\"425\" src=\"https:\/\/www.bcd.bzh\/becedia\/bretagne-1972\/wp-content\/uploads\/2022\/03\/urbe-musee_de_bretagne-ok.jpg\" class=\"attachment-large size-large wp-post-image\" alt=\"\" style=\"width:100%;height:56.63%;max-width:800px;max-width:1024px;max-height:1024px;\" srcset=\"https:\/\/www.bcd.bzh\/becedia\/bretagne-1972\/wp-content\/uploads\/2022\/03\/urbe-musee_de_bretagne-ok.jpg 800w, https:\/\/www.bcd.bzh\/becedia\/bretagne-1972\/wp-content\/uploads\/2022\/03\/urbe-musee_de_bretagne-ok-300x170.jpg 300w, https:\/\/www.bcd.bzh\/becedia\/bretagne-1972\/wp-content\/uploads\/2022\/03\/urbe-musee_de_bretagne-ok-768x435.jpg 768w\" sizes=\"auto, (max-width: 750px) 100vw, 750px\" \/><\/a><\/div><a class=\"wp-block-latest-posts__post-title\" href=\"https:\/\/www.bcd.bzh\/becedia\/bretagne-1972\/societe\/lunion-regionale-bretonne-de-lenvironnement\/\">1972: cr\u00e9ation de l\u2019Union R\u00e9gionale Bretonne de l\u2019Environnement<\/a><\/li>\n<li><div class=\"wp-block-latest-posts__featured-image aligncenter\"><a href=\"https:\/\/www.bcd.bzh\/becedia\/bretagne-1972\/article\/mars-1972-les-etats-generaux-de-lenvironnement-en-bretagne\/\" aria-label=\"Mars 1972. Les \u00c9tats g\u00e9n\u00e9raux de l\u2019environnement en Bretagne\"><img loading=\"lazy\" decoding=\"async\" width=\"750\" height=\"426\" src=\"https:\/\/www.bcd.bzh\/becedia\/bretagne-1972\/wp-content\/uploads\/2022\/03\/goelands-musee_de_b-ok-e1647966806209.jpg\" class=\"attachment-large size-large wp-post-image\" alt=\"\" style=\"width:100%;height:56.75%;max-width:800px;max-width:1024px;max-height:1024px;\" srcset=\"https:\/\/www.bcd.bzh\/becedia\/bretagne-1972\/wp-content\/uploads\/2022\/03\/goelands-musee_de_b-ok-e1647966806209.jpg 800w, https:\/\/www.bcd.bzh\/becedia\/bretagne-1972\/wp-content\/uploads\/2022\/03\/goelands-musee_de_b-ok-e1647966806209-300x170.jpg 300w, https:\/\/www.bcd.bzh\/becedia\/bretagne-1972\/wp-content\/uploads\/2022\/03\/goelands-musee_de_b-ok-e1647966806209-768x436.jpg 768w\" sizes=\"auto, (max-width: 750px) 100vw, 750px\" \/><\/a><\/div><a class=\"wp-block-latest-posts__post-title\" href=\"https:\/\/www.bcd.bzh\/becedia\/bretagne-1972\/article\/mars-1972-les-etats-generaux-de-lenvironnement-en-bretagne\/\">Mars 1972. Les \u00c9tats g\u00e9n\u00e9raux de l\u2019environnement en Bretagne<\/a><\/li>\n<li><div class=\"wp-block-latest-posts__featured-image aligncenter\"><a href=\"https:\/\/www.bcd.bzh\/becedia\/bretagne-1972\/mouvements-sociaux\/la-grande-crise-et-le-combat-pour-sauver-les-marais-salants\/\" aria-label=\"La grande crise et le combat pour sauver les marais salants\"><img loading=\"lazy\" decoding=\"async\" width=\"750\" height=\"425\" src=\"https:\/\/www.bcd.bzh\/becedia\/bretagne-1972\/wp-content\/uploads\/2022\/02\/vignette-lutte-Guerande.jpg\" class=\"attachment-large size-large wp-post-image\" alt=\"\" style=\"width:100%;height:56.63%;max-width:800px;max-width:1024px;max-height:1024px;\" srcset=\"https:\/\/www.bcd.bzh\/becedia\/bretagne-1972\/wp-content\/uploads\/2022\/02\/vignette-lutte-Guerande.jpg 800w, https:\/\/www.bcd.bzh\/becedia\/bretagne-1972\/wp-content\/uploads\/2022\/02\/vignette-lutte-Guerande-300x170.jpg 300w, https:\/\/www.bcd.bzh\/becedia\/bretagne-1972\/wp-content\/uploads\/2022\/02\/vignette-lutte-Guerande-768x435.jpg 768w\" sizes=\"auto, (max-width: 750px) 100vw, 750px\" \/><\/a><\/div><a class=\"wp-block-latest-posts__post-title\" href=\"https:\/\/www.bcd.bzh\/becedia\/bretagne-1972\/mouvements-sociaux\/la-grande-crise-et-le-combat-pour-sauver-les-marais-salants\/\">La grande crise et le combat pour sauver les marais salants<\/a><\/li>\n<li><div class=\"wp-block-latest-posts__featured-image aligncenter\"><a href=\"https:\/\/www.bcd.bzh\/becedia\/bretagne-1972\/temoignage\/jean-yves-lesouef-botaniste-a-la-retraite-et-ancien-militant-du-flb\/\" aria-label=\"Jean-Yves Lesouef &#8211; botaniste \u00e0 la retraite et ancien militant du FLB\"><img loading=\"lazy\" decoding=\"async\" width=\"750\" height=\"425\" src=\"https:\/\/www.bcd.bzh\/becedia\/bretagne-1972\/wp-content\/uploads\/2022\/02\/LESOUEF.jpg\" class=\"attachment-large size-large wp-post-image\" alt=\"\" style=\"width:100%;height:56.63%;max-width:800px;max-width:1024px;max-height:1024px;\" srcset=\"https:\/\/www.bcd.bzh\/becedia\/bretagne-1972\/wp-content\/uploads\/2022\/02\/LESOUEF.jpg 800w, https:\/\/www.bcd.bzh\/becedia\/bretagne-1972\/wp-content\/uploads\/2022\/02\/LESOUEF-300x170.jpg 300w, https:\/\/www.bcd.bzh\/becedia\/bretagne-1972\/wp-content\/uploads\/2022\/02\/LESOUEF-768x435.jpg 768w\" sizes=\"auto, (max-width: 750px) 100vw, 750px\" \/><\/a><\/div><a class=\"wp-block-latest-posts__post-title\" href=\"https:\/\/www.bcd.bzh\/becedia\/bretagne-1972\/temoignage\/jean-yves-lesouef-botaniste-a-la-retraite-et-ancien-militant-du-flb\/\">Jean-Yves Lesouef &#8211; botaniste \u00e0 la retraite et ancien militant du FLB<\/a><\/li>\n<li><div class=\"wp-block-latest-posts__featured-image aligncenter\"><a href=\"https:\/\/www.bcd.bzh\/becedia\/bretagne-1972\/societe\/brittany-ferries-laventure-des-paysans-armateurs\/\" aria-label=\"Cr\u00e9ation de la Brittany Ferries\"><img loading=\"lazy\" decoding=\"async\" width=\"750\" height=\"425\" src=\"https:\/\/www.bcd.bzh\/becedia\/bretagne-1972\/wp-content\/uploads\/2022\/01\/brittany-ferries.jpg\" class=\"attachment-large size-large wp-post-image\" alt=\"\" style=\"width:100%;height:56.63%;max-width:800px;max-width:1024px;max-height:1024px;\" srcset=\"https:\/\/www.bcd.bzh\/becedia\/bretagne-1972\/wp-content\/uploads\/2022\/01\/brittany-ferries.jpg 800w, https:\/\/www.bcd.bzh\/becedia\/bretagne-1972\/wp-content\/uploads\/2022\/01\/brittany-ferries-300x170.jpg 300w, https:\/\/www.bcd.bzh\/becedia\/bretagne-1972\/wp-content\/uploads\/2022\/01\/brittany-ferries-768x435.jpg 768w\" sizes=\"auto, (max-width: 750px) 100vw, 750px\" \/><\/a><\/div><a class=\"wp-block-latest-posts__post-title\" href=\"https:\/\/www.bcd.bzh\/becedia\/bretagne-1972\/societe\/brittany-ferries-laventure-des-paysans-armateurs\/\">Cr\u00e9ation de la Brittany Ferries<\/a><\/li>\n<li><div class=\"wp-block-latest-posts__featured-image aligncenter\"><a href=\"https:\/\/www.bcd.bzh\/becedia\/bretagne-1972\/societe\/le-contexte-breton-et-briochin-en-1972-par-claude-saunier\/\" aria-label=\"Le contexte breton et briochin en 1972 par Claude Saunier\"><img loading=\"lazy\" decoding=\"async\" width=\"750\" height=\"425\" src=\"https:\/\/www.bcd.bzh\/becedia\/bretagne-1972\/wp-content\/uploads\/2022\/02\/saunier-contexte.jpg\" class=\"attachment-large size-large wp-post-image\" alt=\"\" style=\"width:100%;height:56.63%;max-width:800px;max-width:1024px;max-height:1024px;\" srcset=\"https:\/\/www.bcd.bzh\/becedia\/bretagne-1972\/wp-content\/uploads\/2022\/02\/saunier-contexte.jpg 800w, https:\/\/www.bcd.bzh\/becedia\/bretagne-1972\/wp-content\/uploads\/2022\/02\/saunier-contexte-300x170.jpg 300w, https:\/\/www.bcd.bzh\/becedia\/bretagne-1972\/wp-content\/uploads\/2022\/02\/saunier-contexte-768x435.jpg 768w\" sizes=\"auto, (max-width: 750px) 100vw, 750px\" \/><\/a><\/div><a class=\"wp-block-latest-posts__post-title\" href=\"https:\/\/www.bcd.bzh\/becedia\/bretagne-1972\/societe\/le-contexte-breton-et-briochin-en-1972-par-claude-saunier\/\">Le contexte breton et briochin en 1972 par Claude Saunier<\/a><\/li>\n<li><div class=\"wp-block-latest-posts__featured-image aligncenter\"><a href=\"https:\/\/www.bcd.bzh\/becedia\/bretagne-1972\/societe\/le-mouvement-francais-pour-le-planning-familial-en-bretagne\/\" aria-label=\"Le Mouvement fran\u00e7ais pour le planning familial en Bretagne\"><img loading=\"lazy\" decoding=\"async\" width=\"750\" height=\"425\" src=\"https:\/\/www.bcd.bzh\/becedia\/bretagne-1972\/wp-content\/uploads\/2022\/02\/avortement.jpg\" class=\"attachment-large size-large wp-post-image\" alt=\"\" style=\"width:100%;height:56.63%;max-width:800px;max-width:1024px;max-height:1024px;\" srcset=\"https:\/\/www.bcd.bzh\/becedia\/bretagne-1972\/wp-content\/uploads\/2022\/02\/avortement.jpg 800w, https:\/\/www.bcd.bzh\/becedia\/bretagne-1972\/wp-content\/uploads\/2022\/02\/avortement-300x170.jpg 300w, https:\/\/www.bcd.bzh\/becedia\/bretagne-1972\/wp-content\/uploads\/2022\/02\/avortement-768x435.jpg 768w\" sizes=\"auto, (max-width: 750px) 100vw, 750px\" \/><\/a><\/div><a class=\"wp-block-latest-posts__post-title\" href=\"https:\/\/www.bcd.bzh\/becedia\/bretagne-1972\/societe\/le-mouvement-francais-pour-le-planning-familial-en-bretagne\/\">Le Mouvement fran\u00e7ais pour le planning familial en Bretagne<\/a><\/li>\n<li><div class=\"wp-block-latest-posts__featured-image aligncenter\"><a href=\"https:\/\/www.bcd.bzh\/becedia\/bretagne-1972\/temoignage\/des-revolutionnaires-en-pays-breton-introduction-par-erik-neveu\/\" aria-label=\"\u00ab\u00a0Des R\u00e9volutionnaires en Pays Breton\u00a0\u00bb par \u00c9rik Neveu\"><img loading=\"lazy\" decoding=\"async\" width=\"750\" height=\"425\" src=\"https:\/\/www.bcd.bzh\/becedia\/bretagne-1972\/wp-content\/uploads\/2022\/02\/erik-neveu.jpg\" class=\"attachment-large size-large wp-post-image\" alt=\"\" style=\"width:100%;height:56.63%;max-width:800px;max-width:1024px;max-height:1024px;\" srcset=\"https:\/\/www.bcd.bzh\/becedia\/bretagne-1972\/wp-content\/uploads\/2022\/02\/erik-neveu.jpg 800w, https:\/\/www.bcd.bzh\/becedia\/bretagne-1972\/wp-content\/uploads\/2022\/02\/erik-neveu-300x170.jpg 300w, https:\/\/www.bcd.bzh\/becedia\/bretagne-1972\/wp-content\/uploads\/2022\/02\/erik-neveu-768x435.jpg 768w\" sizes=\"auto, (max-width: 750px) 100vw, 750px\" \/><\/a><\/div><a class=\"wp-block-latest-posts__post-title\" href=\"https:\/\/www.bcd.bzh\/becedia\/bretagne-1972\/temoignage\/des-revolutionnaires-en-pays-breton-introduction-par-erik-neveu\/\">\u00ab\u00a0Des R\u00e9volutionnaires en Pays Breton\u00a0\u00bb par \u00c9rik Neveu<\/a><\/li>\n<li><div class=\"wp-block-latest-posts__featured-image aligncenter\"><a href=\"https:\/\/www.bcd.bzh\/becedia\/bretagne-1972\/societe\/un-phenomene-de-violence-politique-le-flb-et-larb-1966-2000\/\" aria-label=\"1972 : attentats et premier proc\u00e8s du FLB\"><img loading=\"lazy\" decoding=\"async\" width=\"750\" height=\"425\" src=\"https:\/\/www.bcd.bzh\/becedia\/bretagne-1972\/wp-content\/uploads\/2022\/01\/ARB.jpg\" class=\"attachment-large size-large wp-post-image\" alt=\"\" style=\"width:100%;height:56.63%;max-width:800px;max-width:1024px;max-height:1024px;\" srcset=\"https:\/\/www.bcd.bzh\/becedia\/bretagne-1972\/wp-content\/uploads\/2022\/01\/ARB.jpg 800w, https:\/\/www.bcd.bzh\/becedia\/bretagne-1972\/wp-content\/uploads\/2022\/01\/ARB-300x170.jpg 300w, https:\/\/www.bcd.bzh\/becedia\/bretagne-1972\/wp-content\/uploads\/2022\/01\/ARB-768x435.jpg 768w\" sizes=\"auto, (max-width: 750px) 100vw, 750px\" \/><\/a><\/div><a class=\"wp-block-latest-posts__post-title\" href=\"https:\/\/www.bcd.bzh\/becedia\/bretagne-1972\/societe\/un-phenomene-de-violence-politique-le-flb-et-larb-1966-2000\/\">1972 : attentats et premier proc\u00e8s du FLB<\/a><\/li>\n<li><div class=\"wp-block-latest-posts__featured-image aligncenter\"><a href=\"https:\/\/www.bcd.bzh\/becedia\/bretagne-1972\/societe\/les-luttes-feministes-en-bretagne-dans-les-annees-1970\/\" aria-label=\"Les luttes f\u00e9ministes en Bretagne dans les ann\u00e9es 1970\"><img loading=\"lazy\" decoding=\"async\" width=\"750\" height=\"425\" src=\"https:\/\/www.bcd.bzh\/becedia\/bretagne-1972\/wp-content\/uploads\/2022\/02\/luttes-feministes.jpg\" class=\"attachment-large size-large wp-post-image\" alt=\"\" style=\"width:100%;height:56.63%;max-width:800px;max-width:1024px;max-height:1024px;\" srcset=\"https:\/\/www.bcd.bzh\/becedia\/bretagne-1972\/wp-content\/uploads\/2022\/02\/luttes-feministes.jpg 800w, https:\/\/www.bcd.bzh\/becedia\/bretagne-1972\/wp-content\/uploads\/2022\/02\/luttes-feministes-300x170.jpg 300w, https:\/\/www.bcd.bzh\/becedia\/bretagne-1972\/wp-content\/uploads\/2022\/02\/luttes-feministes-768x435.jpg 768w\" sizes=\"auto, (max-width: 750px) 100vw, 750px\" \/><\/a><\/div><a class=\"wp-block-latest-posts__post-title\" href=\"https:\/\/www.bcd.bzh\/becedia\/bretagne-1972\/societe\/les-luttes-feministes-en-bretagne-dans-les-annees-1970\/\">Les luttes f\u00e9ministes en Bretagne dans les ann\u00e9es 1970<\/a><\/li>\n<li><div class=\"wp-block-latest-posts__featured-image aligncenter\"><a href=\"https:\/\/www.bcd.bzh\/becedia\/bretagne-1972\/societe\/pierre-marzin-et-la-saga-electronique-en-bretagne\/\" aria-label=\"Pierre Marzin et la saga \u00e9lectronique en Bretagne\"><img loading=\"lazy\" decoding=\"async\" width=\"750\" height=\"425\" src=\"https:\/\/www.bcd.bzh\/becedia\/bretagne-1972\/wp-content\/uploads\/2022\/02\/marzin.jpg\" class=\"attachment-large size-large wp-post-image\" alt=\"\" style=\"width:100%;height:56.63%;max-width:800px;max-width:1024px;max-height:1024px;\" srcset=\"https:\/\/www.bcd.bzh\/becedia\/bretagne-1972\/wp-content\/uploads\/2022\/02\/marzin.jpg 800w, https:\/\/www.bcd.bzh\/becedia\/bretagne-1972\/wp-content\/uploads\/2022\/02\/marzin-300x170.jpg 300w, https:\/\/www.bcd.bzh\/becedia\/bretagne-1972\/wp-content\/uploads\/2022\/02\/marzin-768x435.jpg 768w\" sizes=\"auto, (max-width: 750px) 100vw, 750px\" \/><\/a><\/div><a class=\"wp-block-latest-posts__post-title\" href=\"https:\/\/www.bcd.bzh\/becedia\/bretagne-1972\/societe\/pierre-marzin-et-la-saga-electronique-en-bretagne\/\">Pierre Marzin et la saga \u00e9lectronique en Bretagne<\/a><\/li>\n<li><div class=\"wp-block-latest-posts__featured-image aligncenter\"><a href=\"https:\/\/www.bcd.bzh\/becedia\/bretagne-1972\/societe\/la-region-territoire-de-vie-territoire-amenage\/\" aria-label=\"Naissance des \u00c9tablissements Publics R\u00e9gionaux\"><img loading=\"lazy\" decoding=\"async\" width=\"750\" height=\"425\" src=\"https:\/\/www.bcd.bzh\/becedia\/bretagne-1972\/wp-content\/uploads\/2022\/02\/naissance-regions.jpg\" class=\"attachment-large size-large wp-post-image\" alt=\"\" style=\"width:100%;height:56.63%;max-width:800px;max-width:1024px;max-height:1024px;\" srcset=\"https:\/\/www.bcd.bzh\/becedia\/bretagne-1972\/wp-content\/uploads\/2022\/02\/naissance-regions.jpg 800w, https:\/\/www.bcd.bzh\/becedia\/bretagne-1972\/wp-content\/uploads\/2022\/02\/naissance-regions-300x170.jpg 300w, https:\/\/www.bcd.bzh\/becedia\/bretagne-1972\/wp-content\/uploads\/2022\/02\/naissance-regions-768x435.jpg 768w\" sizes=\"auto, (max-width: 750px) 100vw, 750px\" \/><\/a><\/div><a class=\"wp-block-latest-posts__post-title\" href=\"https:\/\/www.bcd.bzh\/becedia\/bretagne-1972\/societe\/la-region-territoire-de-vie-territoire-amenage\/\">Naissance des \u00c9tablissements Publics R\u00e9gionaux<\/a><\/li>\n<li><div class=\"wp-block-latest-posts__featured-image aligncenter\"><a href=\"https:\/\/www.bcd.bzh\/becedia\/bretagne-1972\/societe\/nantes-a-lepreuve-des-incendies\/\" aria-label=\"1972 : incendie de la cath\u00e9drale de Nantes\"><img loading=\"lazy\" decoding=\"async\" width=\"750\" height=\"425\" src=\"https:\/\/www.bcd.bzh\/becedia\/bretagne-1972\/wp-content\/uploads\/2022\/02\/incendie-nantes.jpg\" class=\"attachment-large size-large wp-post-image\" alt=\"\" style=\"width:100%;height:56.63%;max-width:800px;max-width:1024px;max-height:1024px;\" srcset=\"https:\/\/www.bcd.bzh\/becedia\/bretagne-1972\/wp-content\/uploads\/2022\/02\/incendie-nantes.jpg 800w, https:\/\/www.bcd.bzh\/becedia\/bretagne-1972\/wp-content\/uploads\/2022\/02\/incendie-nantes-300x170.jpg 300w, https:\/\/www.bcd.bzh\/becedia\/bretagne-1972\/wp-content\/uploads\/2022\/02\/incendie-nantes-768x435.jpg 768w\" sizes=\"auto, (max-width: 750px) 100vw, 750px\" \/><\/a><\/div><a class=\"wp-block-latest-posts__post-title\" href=\"https:\/\/www.bcd.bzh\/becedia\/bretagne-1972\/societe\/nantes-a-lepreuve-des-incendies\/\">1972 : incendie de la cath\u00e9drale de Nantes<\/a><\/li>\n<li><div class=\"wp-block-latest-posts__featured-image aligncenter\"><a href=\"https:\/\/www.bcd.bzh\/becedia\/bretagne-1972\/societe\/le-heros-malheureux-du-tour-de-france-1972\/\" aria-label=\"Le h\u00e9ros malheureux du Tour de France 1972\"><img loading=\"lazy\" decoding=\"async\" width=\"750\" height=\"425\" src=\"https:\/\/www.bcd.bzh\/becedia\/bretagne-1972\/wp-content\/uploads\/2022\/02\/cyril-guimard.jpg\" class=\"attachment-large size-large wp-post-image\" alt=\"\" style=\"width:100%;height:56.63%;max-width:800px;max-width:1024px;max-height:1024px;\" srcset=\"https:\/\/www.bcd.bzh\/becedia\/bretagne-1972\/wp-content\/uploads\/2022\/02\/cyril-guimard.jpg 800w, https:\/\/www.bcd.bzh\/becedia\/bretagne-1972\/wp-content\/uploads\/2022\/02\/cyril-guimard-300x170.jpg 300w, https:\/\/www.bcd.bzh\/becedia\/bretagne-1972\/wp-content\/uploads\/2022\/02\/cyril-guimard-768x435.jpg 768w\" sizes=\"auto, (max-width: 750px) 100vw, 750px\" \/><\/a><\/div><a class=\"wp-block-latest-posts__post-title\" href=\"https:\/\/www.bcd.bzh\/becedia\/bretagne-1972\/societe\/le-heros-malheureux-du-tour-de-france-1972\/\">Le h\u00e9ros malheureux du Tour de France 1972<\/a><\/li>\n<li><div class=\"wp-block-latest-posts__featured-image aligncenter\"><a href=\"https:\/\/www.bcd.bzh\/becedia\/bretagne-1972\/societe\/ils-nous-racontent-1972-claude-saunier-elu-de-saint-brieuc\/\" aria-label=\"L&#8217;ann\u00e9e 1972 de Claude Saunier, \u00e9lu de Saint-Brieuc\"><img loading=\"lazy\" decoding=\"async\" width=\"640\" height=\"360\" src=\"https:\/\/www.bcd.bzh\/becedia\/bretagne-1972\/wp-content\/uploads\/2022\/01\/claude_saunier.jpg\" class=\"attachment-large size-large wp-post-image\" alt=\"Claude Saunier\" style=\"width:100%;height:56.25%;max-width:640px;max-width:1024px;max-height:1024px;\" srcset=\"https:\/\/www.bcd.bzh\/becedia\/bretagne-1972\/wp-content\/uploads\/2022\/01\/claude_saunier.jpg 640w, https:\/\/www.bcd.bzh\/becedia\/bretagne-1972\/wp-content\/uploads\/2022\/01\/claude_saunier-300x169.jpg 300w\" sizes=\"auto, (max-width: 640px) 100vw, 640px\" \/><\/a><\/div><a class=\"wp-block-latest-posts__post-title\" href=\"https:\/\/www.bcd.bzh\/becedia\/bretagne-1972\/societe\/ils-nous-racontent-1972-claude-saunier-elu-de-saint-brieuc\/\">L&#8217;ann\u00e9e 1972 de Claude Saunier, \u00e9lu de Saint-Brieuc<\/a><\/li>\n<li><div class=\"wp-block-latest-posts__featured-image aligncenter\"><a href=\"https:\/\/www.bcd.bzh\/becedia\/bretagne-1972\/societe\/1972-le-reveil-de-la-bretagne\/\" aria-label=\"1972 &#8211; Le r\u00e9veil de la Bretagne\"><img loading=\"lazy\" decoding=\"async\" width=\"750\" height=\"425\" src=\"https:\/\/www.bcd.bzh\/becedia\/bretagne-1972\/wp-content\/uploads\/2022\/02\/reveil-bretagne.jpg\" class=\"attachment-large size-large wp-post-image\" alt=\"\" style=\"width:100%;height:56.63%;max-width:800px;max-width:1024px;max-height:1024px;\" srcset=\"https:\/\/www.bcd.bzh\/becedia\/bretagne-1972\/wp-content\/uploads\/2022\/02\/reveil-bretagne.jpg 800w, https:\/\/www.bcd.bzh\/becedia\/bretagne-1972\/wp-content\/uploads\/2022\/02\/reveil-bretagne-300x170.jpg 300w, https:\/\/www.bcd.bzh\/becedia\/bretagne-1972\/wp-content\/uploads\/2022\/02\/reveil-bretagne-768x435.jpg 768w\" sizes=\"auto, (max-width: 750px) 100vw, 750px\" \/><\/a><\/div><a class=\"wp-block-latest-posts__post-title\" href=\"https:\/\/www.bcd.bzh\/becedia\/bretagne-1972\/societe\/1972-le-reveil-de-la-bretagne\/\">1972 &#8211; Le r\u00e9veil de la Bretagne<\/a><\/li>\n<li><div class=\"wp-block-latest-posts__featured-image aligncenter\"><a href=\"https:\/\/www.bcd.bzh\/becedia\/bretagne-1972\/societe\/la-jcr-lc-lcr-un-courant-trotskiste-dans-la-bretagne-des-annees-1968\/\" aria-label=\"La JCR-LC-LCR, un courant trotskiste dans la Bretagne des \u00ab ann\u00e9es 1968 \u00bb\"><img loading=\"lazy\" decoding=\"async\" width=\"750\" height=\"425\" src=\"https:\/\/www.bcd.bzh\/becedia\/bretagne-1972\/wp-content\/uploads\/2022\/01\/labour-e-Breizh.jpg\" class=\"attachment-large size-large wp-post-image\" alt=\"\" style=\"width:100%;height:56.63%;max-width:800px;max-width:1024px;max-height:1024px;\" srcset=\"https:\/\/www.bcd.bzh\/becedia\/bretagne-1972\/wp-content\/uploads\/2022\/01\/labour-e-Breizh.jpg 800w, https:\/\/www.bcd.bzh\/becedia\/bretagne-1972\/wp-content\/uploads\/2022\/01\/labour-e-Breizh-300x170.jpg 300w, https:\/\/www.bcd.bzh\/becedia\/bretagne-1972\/wp-content\/uploads\/2022\/01\/labour-e-Breizh-768x435.jpg 768w\" sizes=\"auto, (max-width: 750px) 100vw, 750px\" \/><\/a><\/div><a class=\"wp-block-latest-posts__post-title\" href=\"https:\/\/www.bcd.bzh\/becedia\/bretagne-1972\/societe\/la-jcr-lc-lcr-un-courant-trotskiste-dans-la-bretagne-des-annees-1968\/\">La JCR-LC-LCR, un courant trotskiste dans la Bretagne des \u00ab ann\u00e9es 1968 \u00bb<\/a><\/li>\n<li><div class=\"wp-block-latest-posts__featured-image aligncenter\"><a href=\"https:\/\/www.bcd.bzh\/becedia\/bretagne-1972\/societe\/faut-quca-bosse\/\" aria-label=\"La pi\u00e8ce de th\u00e9\u00e2tre \u00abFaut qu\u2019\u00e7a bosse\u00bb !\"><img loading=\"lazy\" decoding=\"async\" width=\"750\" height=\"425\" src=\"https:\/\/www.bcd.bzh\/becedia\/bretagne-1972\/wp-content\/uploads\/2022\/01\/theatre.jpg\" class=\"attachment-large size-large wp-post-image\" alt=\"\" style=\"width:100%;height:56.63%;max-width:800px;max-width:1024px;max-height:1024px;\" srcset=\"https:\/\/www.bcd.bzh\/becedia\/bretagne-1972\/wp-content\/uploads\/2022\/01\/theatre.jpg 800w, https:\/\/www.bcd.bzh\/becedia\/bretagne-1972\/wp-content\/uploads\/2022\/01\/theatre-300x170.jpg 300w, https:\/\/www.bcd.bzh\/becedia\/bretagne-1972\/wp-content\/uploads\/2022\/01\/theatre-768x435.jpg 768w\" sizes=\"auto, (max-width: 750px) 100vw, 750px\" \/><\/a><\/div><a class=\"wp-block-latest-posts__post-title\" href=\"https:\/\/www.bcd.bzh\/becedia\/bretagne-1972\/societe\/faut-quca-bosse\/\">La pi\u00e8ce de th\u00e9\u00e2tre \u00abFaut qu\u2019\u00e7a bosse\u00bb !<\/a><\/li>\n<li><div class=\"wp-block-latest-posts__featured-image aligncenter\"><a href=\"https:\/\/www.bcd.bzh\/becedia\/bretagne-1972\/societe\/histoire-du-maoisme-en-bretagne\/\" aria-label=\"Histoire du mao\u00efsme en Bretagne\"><img loading=\"lazy\" decoding=\"async\" width=\"750\" height=\"425\" src=\"https:\/\/www.bcd.bzh\/becedia\/bretagne-1972\/wp-content\/uploads\/2022\/01\/article_mao-2.jpg\" class=\"attachment-large size-large wp-post-image\" alt=\"\" style=\"width:100%;height:56.63%;max-width:800px;max-width:1024px;max-height:1024px;\" srcset=\"https:\/\/www.bcd.bzh\/becedia\/bretagne-1972\/wp-content\/uploads\/2022\/01\/article_mao-2.jpg 800w, https:\/\/www.bcd.bzh\/becedia\/bretagne-1972\/wp-content\/uploads\/2022\/01\/article_mao-2-300x170.jpg 300w, https:\/\/www.bcd.bzh\/becedia\/bretagne-1972\/wp-content\/uploads\/2022\/01\/article_mao-2-768x435.jpg 768w\" sizes=\"auto, (max-width: 750px) 100vw, 750px\" \/><\/a><\/div><a class=\"wp-block-latest-posts__post-title\" href=\"https:\/\/www.bcd.bzh\/becedia\/bretagne-1972\/societe\/histoire-du-maoisme-en-bretagne\/\">Histoire du mao\u00efsme en Bretagne<\/a><\/li>\n<\/ul>","protected":false},"excerpt":{"rendered":"<p>En Bretagne, on peut parler des \u00ab&nbsp;ann\u00e9es 1972&nbsp;\u00bb pour caract\u00e9riser la conflictualit\u00e9 d\u2019une d\u00e9cennie marqu\u00e9e par l\u2019essor du gauchisme, l\u2019\u00e9mergence d\u2019une nouvelle vague de f\u00e9minisme ou encore la violence explosive du FLB-ARB. Mais 1972 symbolise aussi la modernisation de la Bretagne, avec la cr\u00e9ation de la Brittany Ferries ou l&#8217;arriv\u00e9e du num\u00e9rique dans tout le&hellip; <a class=\"more-link\" href=\"https:\/\/www.bcd.bzh\/becedia\/bretagne-1972\/societe\/\">Poursuivre la lecture <span class=\"screen-reader-text\">Soci\u00e9t\u00e9<\/span><\/a><\/p>\n","protected":false},"author":2,"featured_media":26,"parent":0,"menu_order":0,"comment_status":"closed","ping_status":"closed","template":"","meta":{"inline_featured_image":false,"footnotes":""},"class_list":["post-16","page","type-page","status-publish","has-post-thumbnail","hentry","entry"],"acf":[],"yoast_head":"<!-- This site is optimized with the Yoast SEO plugin v27.5 - https:\/\/yoast.com\/product\/yoast-seo-wordpress\/ -->\n<title>Soci\u00e9t\u00e9 - La Bretagne en 1972<\/title>\n<meta name=\"robots\" content=\"index, follow, max-snippet:-1, max-image-preview:large, max-video-preview:-1\" \/>\n<link rel=\"canonical\" href=\"https:\/\/www.bcd.bzh\/becedia\/bretagne-1972\/societe\/\" \/>\n<meta property=\"og:locale\" content=\"fr_FR\" \/>\n<meta property=\"og:type\" content=\"article\" \/>\n<meta property=\"og:title\" content=\"Soci\u00e9t\u00e9 - La Bretagne en 1972\" \/>\n<meta property=\"og:description\" content=\"En Bretagne, on peut parler des \u00ab&nbsp;ann\u00e9es 1972&nbsp;\u00bb pour caract\u00e9riser la conflictualit\u00e9 d\u2019une d\u00e9cennie marqu\u00e9e par l\u2019essor du gauchisme, l\u2019\u00e9mergence d\u2019une nouvelle vague de f\u00e9minisme ou encore la violence explosive du FLB-ARB. Mais 1972 symbolise aussi la modernisation de la Bretagne, avec la cr\u00e9ation de la Brittany Ferries ou l&#8217;arriv\u00e9e du num\u00e9rique dans tout le&hellip; Poursuivre la lecture Soci\u00e9t\u00e9\" \/>\n<meta property=\"og:url\" content=\"https:\/\/www.bcd.bzh\/becedia\/bretagne-1972\/societe\/\" \/>\n<meta property=\"og:site_name\" content=\"La Bretagne en 1972\" \/>\n<meta property=\"article:modified_time\" content=\"2022-10-14T11:37:26+00:00\" \/>\n<meta property=\"og:image\" content=\"https:\/\/www.bcd.bzh\/becedia\/bretagne-1972\/wp-content\/uploads\/2022\/01\/2000004449382.webp\" \/>\n\t<meta property=\"og:image:width\" content=\"657\" \/>\n\t<meta property=\"og:image:height\" content=\"420\" \/>\n\t<meta property=\"og:image:type\" content=\"image\/webp\" \/>\n<meta name=\"twitter:card\" content=\"summary_large_image\" \/>\n<meta name=\"twitter:label1\" content=\"Dur\u00e9e de lecture estim\u00e9e\" \/>\n\t<meta name=\"twitter:data1\" content=\"1 minute\" \/>\n<script type=\"application\/ld+json\" class=\"yoast-schema-graph\">{\"@context\":\"https:\\\/\\\/schema.org\",\"@graph\":[{\"@type\":\"WebPage\",\"@id\":\"https:\\\/\\\/www.bcd.bzh\\\/becedia\\\/bretagne-1972\\\/societe\\\/\",\"url\":\"https:\\\/\\\/www.bcd.bzh\\\/becedia\\\/bretagne-1972\\\/societe\\\/\",\"name\":\"Soci\u00e9t\u00e9 - La Bretagne en 1972\",\"isPartOf\":{\"@id\":\"\\\/#website\"},\"primaryImageOfPage\":{\"@id\":\"https:\\\/\\\/www.bcd.bzh\\\/becedia\\\/bretagne-1972\\\/societe\\\/#primaryimage\"},\"image\":{\"@id\":\"https:\\\/\\\/www.bcd.bzh\\\/becedia\\\/bretagne-1972\\\/societe\\\/#primaryimage\"},\"thumbnailUrl\":\"https:\\\/\\\/www.bcd.bzh\\\/becedia\\\/bretagne-1972\\\/wp-content\\\/uploads\\\/2022\\\/01\\\/2000004449382.webp\",\"datePublished\":\"2022-01-11T08:03:05+00:00\",\"dateModified\":\"2022-10-14T11:37:26+00:00\",\"breadcrumb\":{\"@id\":\"https:\\\/\\\/www.bcd.bzh\\\/becedia\\\/bretagne-1972\\\/societe\\\/#breadcrumb\"},\"inLanguage\":\"fr-FR\",\"potentialAction\":[{\"@type\":\"ReadAction\",\"target\":[\"https:\\\/\\\/www.bcd.bzh\\\/becedia\\\/bretagne-1972\\\/societe\\\/\"]}]},{\"@type\":\"ImageObject\",\"inLanguage\":\"fr-FR\",\"@id\":\"https:\\\/\\\/www.bcd.bzh\\\/becedia\\\/bretagne-1972\\\/societe\\\/#primaryimage\",\"url\":\"https:\\\/\\\/www.bcd.bzh\\\/becedia\\\/bretagne-1972\\\/wp-content\\\/uploads\\\/2022\\\/01\\\/2000004449382.webp\",\"contentUrl\":\"https:\\\/\\\/www.bcd.bzh\\\/becedia\\\/bretagne-1972\\\/wp-content\\\/uploads\\\/2022\\\/01\\\/2000004449382.webp\",\"width\":657,\"height\":420},{\"@type\":\"BreadcrumbList\",\"@id\":\"https:\\\/\\\/www.bcd.bzh\\\/becedia\\\/bretagne-1972\\\/societe\\\/#breadcrumb\",\"itemListElement\":[{\"@type\":\"ListItem\",\"position\":1,\"name\":\"Accueil\",\"item\":\"https:\\\/\\\/www.bcd.bzh\\\/becedia\\\/bretagne-1972\\\/\"},{\"@type\":\"ListItem\",\"position\":2,\"name\":\"Soci\u00e9t\u00e9\"}]},{\"@type\":\"WebSite\",\"@id\":\"\\\/#website\",\"url\":\"\\\/\",\"name\":\"La Bretagne en 1972\",\"description\":\"\",\"publisher\":{\"@id\":\"\\\/#organization\"},\"potentialAction\":[{\"@type\":\"SearchAction\",\"target\":{\"@type\":\"EntryPoint\",\"urlTemplate\":\"\\\/?s={search_term_string}\"},\"query-input\":{\"@type\":\"PropertyValueSpecification\",\"valueRequired\":true,\"valueName\":\"search_term_string\"}}],\"inLanguage\":\"fr-FR\"},{\"@type\":\"Organization\",\"@id\":\"\\\/#organization\",\"name\":\"La Bretagne en 1972\",\"url\":\"\\\/\",\"logo\":{\"@type\":\"ImageObject\",\"inLanguage\":\"fr-FR\",\"@id\":\"\\\/#\\\/schema\\\/logo\\\/image\\\/\",\"url\":\"https:\\\/\\\/www.bcd.bzh\\\/becedia\\\/bretagne-1972\\\/wp-content\\\/uploads\\\/2022\\\/01\\\/site-logo.svg\",\"contentUrl\":\"https:\\\/\\\/www.bcd.bzh\\\/becedia\\\/bretagne-1972\\\/wp-content\\\/uploads\\\/2022\\\/01\\\/site-logo.svg\",\"width\":309,\"height\":107,\"caption\":\"La Bretagne en 1972\"},\"image\":{\"@id\":\"\\\/#\\\/schema\\\/logo\\\/image\\\/\"}}]}<\/script>\n<!-- \/ Yoast SEO plugin. -->","yoast_head_json":{"title":"Soci\u00e9t\u00e9 - La Bretagne en 1972","robots":{"index":"index","follow":"follow","max-snippet":"max-snippet:-1","max-image-preview":"max-image-preview:large","max-video-preview":"max-video-preview:-1"},"canonical":"https:\/\/www.bcd.bzh\/becedia\/bretagne-1972\/societe\/","og_locale":"fr_FR","og_type":"article","og_title":"Soci\u00e9t\u00e9 - La Bretagne en 1972","og_description":"En Bretagne, on peut parler des \u00ab&nbsp;ann\u00e9es 1972&nbsp;\u00bb pour caract\u00e9riser la conflictualit\u00e9 d\u2019une d\u00e9cennie marqu\u00e9e par l\u2019essor du gauchisme, l\u2019\u00e9mergence d\u2019une nouvelle vague de f\u00e9minisme ou encore la violence explosive du FLB-ARB. Mais 1972 symbolise aussi la modernisation de la Bretagne, avec la cr\u00e9ation de la Brittany Ferries ou l&#8217;arriv\u00e9e du num\u00e9rique dans tout le&hellip; Poursuivre la lecture Soci\u00e9t\u00e9","og_url":"https:\/\/www.bcd.bzh\/becedia\/bretagne-1972\/societe\/","og_site_name":"La Bretagne en 1972","article_modified_time":"2022-10-14T11:37:26+00:00","og_image":[{"width":657,"height":420,"url":"https:\/\/www.bcd.bzh\/becedia\/bretagne-1972\/wp-content\/uploads\/2022\/01\/2000004449382.webp","type":"image\/webp"}],"twitter_card":"summary_large_image","twitter_misc":{"Dur\u00e9e de lecture estim\u00e9e":"1 minute"},"schema":{"@context":"https:\/\/schema.org","@graph":[{"@type":"WebPage","@id":"https:\/\/www.bcd.bzh\/becedia\/bretagne-1972\/societe\/","url":"https:\/\/www.bcd.bzh\/becedia\/bretagne-1972\/societe\/","name":"Soci\u00e9t\u00e9 - La Bretagne en 1972","isPartOf":{"@id":"\/#website"},"primaryImageOfPage":{"@id":"https:\/\/www.bcd.bzh\/becedia\/bretagne-1972\/societe\/#primaryimage"},"image":{"@id":"https:\/\/www.bcd.bzh\/becedia\/bretagne-1972\/societe\/#primaryimage"},"thumbnailUrl":"https:\/\/www.bcd.bzh\/becedia\/bretagne-1972\/wp-content\/uploads\/2022\/01\/2000004449382.webp","datePublished":"2022-01-11T08:03:05+00:00","dateModified":"2022-10-14T11:37:26+00:00","breadcrumb":{"@id":"https:\/\/www.bcd.bzh\/becedia\/bretagne-1972\/societe\/#breadcrumb"},"inLanguage":"fr-FR","potentialAction":[{"@type":"ReadAction","target":["https:\/\/www.bcd.bzh\/becedia\/bretagne-1972\/societe\/"]}]},{"@type":"ImageObject","inLanguage":"fr-FR","@id":"https:\/\/www.bcd.bzh\/becedia\/bretagne-1972\/societe\/#primaryimage","url":"https:\/\/www.bcd.bzh\/becedia\/bretagne-1972\/wp-content\/uploads\/2022\/01\/2000004449382.webp","contentUrl":"https:\/\/www.bcd.bzh\/becedia\/bretagne-1972\/wp-content\/uploads\/2022\/01\/2000004449382.webp","width":657,"height":420},{"@type":"BreadcrumbList","@id":"https:\/\/www.bcd.bzh\/becedia\/bretagne-1972\/societe\/#breadcrumb","itemListElement":[{"@type":"ListItem","position":1,"name":"Accueil","item":"https:\/\/www.bcd.bzh\/becedia\/bretagne-1972\/"},{"@type":"ListItem","position":2,"name":"Soci\u00e9t\u00e9"}]},{"@type":"WebSite","@id":"\/#website","url":"\/","name":"La Bretagne en 1972","description":"","publisher":{"@id":"\/#organization"},"potentialAction":[{"@type":"SearchAction","target":{"@type":"EntryPoint","urlTemplate":"\/?s={search_term_string}"},"query-input":{"@type":"PropertyValueSpecification","valueRequired":true,"valueName":"search_term_string"}}],"inLanguage":"fr-FR"},{"@type":"Organization","@id":"\/#organization","name":"La Bretagne en 1972","url":"\/","logo":{"@type":"ImageObject","inLanguage":"fr-FR","@id":"\/#\/schema\/logo\/image\/","url":"https:\/\/www.bcd.bzh\/becedia\/bretagne-1972\/wp-content\/uploads\/2022\/01\/site-logo.svg","contentUrl":"https:\/\/www.bcd.bzh\/becedia\/bretagne-1972\/wp-content\/uploads\/2022\/01\/site-logo.svg","width":309,"height":107,"caption":"La Bretagne en 1972"},"image":{"@id":"\/#\/schema\/logo\/image\/"}}]}},"_links":{"self":[{"href":"https:\/\/www.bcd.bzh\/becedia\/bretagne-1972\/wp-json\/wp\/v2\/pages\/16","targetHints":{"allow":["GET"]}}],"collection":[{"href":"https:\/\/www.bcd.bzh\/becedia\/bretagne-1972\/wp-json\/wp\/v2\/pages"}],"about":[{"href":"https:\/\/www.bcd.bzh\/becedia\/bretagne-1972\/wp-json\/wp\/v2\/types\/page"}],"author":[{"embeddable":true,"href":"https:\/\/www.bcd.bzh\/becedia\/bretagne-1972\/wp-json\/wp\/v2\/users\/2"}],"replies":[{"embeddable":true,"href":"https:\/\/www.bcd.bzh\/becedia\/bretagne-1972\/wp-json\/wp\/v2\/comments?post=16"}],"version-history":[{"count":23,"href":"https:\/\/www.bcd.bzh\/becedia\/bretagne-1972\/wp-json\/wp\/v2\/pages\/16\/revisions"}],"predecessor-version":[{"id":1501,"href":"https:\/\/www.bcd.bzh\/becedia\/bretagne-1972\/wp-json\/wp\/v2\/pages\/16\/revisions\/1501"}],"wp:featuredmedia":[{"embeddable":true,"href":"https:\/\/www.bcd.bzh\/becedia\/bretagne-1972\/wp-json\/wp\/v2\/media\/26"}],"wp:attachment":[{"href":"https:\/\/www.bcd.bzh\/becedia\/bretagne-1972\/wp-json\/wp\/v2\/media?parent=16"}],"curies":[{"name":"wp","href":"https:\/\/api.w.org\/{rel}","templated":true}]}}