{"id":450,"date":"2022-02-07T11:34:56","date_gmt":"2022-02-07T10:34:56","guid":{"rendered":"https:\/\/www.bcd.bzh\/becedia\/bretagne-1972\/?page_id=450"},"modified":"2023-01-17T14:18:39","modified_gmt":"2023-01-17T13:18:39","slug":"videotheque","status":"publish","type":"page","link":"https:\/\/www.bcd.bzh\/becedia\/bretagne-1972\/videotheque\/","title":{"rendered":"Vid\u00e9oth\u00e8que"},"content":{"rendered":"\n<p>Nous vous proposons ici une s\u00e9lection de films \u00e0 voir sur notre plateforme BED (Bretagne &amp; Diversit\u00e9) ou sur le site de notre partenaire de la Cin\u00e9math\u00e8que de Bretagne.<\/p>\n\n\n\n<p class=\"has-text-align-right\">Image d&#8217;illustration : Jacques Gourmelen<\/p>\n\n\n\n<div class=\"wp-block-columns is-layout-flex wp-container-core-columns-is-layout-9d6595d7 wp-block-columns-is-layout-flex\">\n<div class=\"wp-block-column is-layout-flow wp-block-column-is-layout-flow\" style=\"flex-basis:20%\">\n<figure class=\"wp-block-image alignfull size-full\"><img loading=\"lazy\" decoding=\"async\" width=\"800\" height=\"432\" src=\"http:\/\/www.bcd.bzh\/becedia\/bretagne-1972\/wp-content\/uploads\/2022\/02\/BAT-LOGO-BED-202-rvb-1.jpg\" alt=\"\" class=\"wp-image-1138\" srcset=\"https:\/\/www.bcd.bzh\/becedia\/bretagne-1972\/wp-content\/uploads\/2022\/02\/BAT-LOGO-BED-202-rvb-1.jpg 800w, https:\/\/www.bcd.bzh\/becedia\/bretagne-1972\/wp-content\/uploads\/2022\/02\/BAT-LOGO-BED-202-rvb-1-300x162.jpg 300w, https:\/\/www.bcd.bzh\/becedia\/bretagne-1972\/wp-content\/uploads\/2022\/02\/BAT-LOGO-BED-202-rvb-1-768x415.jpg 768w\" sizes=\"auto, (max-width: 800px) 100vw, 800px\" \/><\/figure>\n<\/div>\n\n\n\n<div class=\"wp-block-column is-layout-flow wp-block-column-is-layout-flow\" style=\"flex-basis:20%\">\n<figure class=\"wp-block-image alignfull size-full\"><a href=\"#films-a-retrouver-a-la-cinematheque-de-bretagne\"><img loading=\"lazy\" decoding=\"async\" width=\"864\" height=\"483\" src=\"http:\/\/www.bcd.bzh\/becedia\/bretagne-1972\/wp-content\/uploads\/2022\/02\/logo_CDB_1-edited-2.jpg\" alt=\"\" class=\"wp-image-744\" srcset=\"https:\/\/www.bcd.bzh\/becedia\/bretagne-1972\/wp-content\/uploads\/2022\/02\/logo_CDB_1-edited-2.jpg 864w, https:\/\/www.bcd.bzh\/becedia\/bretagne-1972\/wp-content\/uploads\/2022\/02\/logo_CDB_1-edited-2-300x168.jpg 300w, https:\/\/www.bcd.bzh\/becedia\/bretagne-1972\/wp-content\/uploads\/2022\/02\/logo_CDB_1-edited-2-768x429.jpg 768w\" sizes=\"auto, (max-width: 864px) 100vw, 864px\" \/><\/a><\/figure>\n<\/div>\n\n\n\n<div class=\"wp-block-column is-layout-flow wp-block-column-is-layout-flow\" style=\"flex-basis:20%\">\n<figure class=\"wp-block-image alignfull size-full\"><a href=\"#films-disponibles-sur-kub\"><img loading=\"lazy\" decoding=\"async\" width=\"518\" height=\"480\" src=\"http:\/\/www.bcd.bzh\/becedia\/bretagne-1972\/wp-content\/uploads\/2022\/02\/Kub.png\" alt=\"\" class=\"wp-image-1057\" srcset=\"https:\/\/www.bcd.bzh\/becedia\/bretagne-1972\/wp-content\/uploads\/2022\/02\/Kub.png 518w, https:\/\/www.bcd.bzh\/becedia\/bretagne-1972\/wp-content\/uploads\/2022\/02\/Kub-300x278.png 300w\" sizes=\"auto, (max-width: 518px) 100vw, 518px\" \/><\/a><\/figure>\n<\/div>\n\n\n\n<div class=\"wp-block-column is-layout-flow wp-block-column-is-layout-flow\" style=\"flex-basis:20%\">\n<figure class=\"wp-block-image size-full\"><a href=\"#france3\"><img loading=\"lazy\" decoding=\"async\" width=\"640\" height=\"230\" src=\"https:\/\/www.bcd.bzh\/becedia\/bretagne-1972\/wp-content\/uploads\/2022\/02\/640px-France_3_Bretagne_-_Logo_2018.png\" alt=\"\" class=\"wp-image-1146\" srcset=\"https:\/\/www.bcd.bzh\/becedia\/bretagne-1972\/wp-content\/uploads\/2022\/02\/640px-France_3_Bretagne_-_Logo_2018.png 640w, https:\/\/www.bcd.bzh\/becedia\/bretagne-1972\/wp-content\/uploads\/2022\/02\/640px-France_3_Bretagne_-_Logo_2018-300x108.png 300w\" sizes=\"auto, (max-width: 640px) 100vw, 640px\" \/><\/a><\/figure>\n<\/div>\n\n\n\n<div class=\"wp-block-column is-layout-flow wp-block-column-is-layout-flow\" style=\"flex-basis:20%\">\n<figure class=\"wp-block-image size-full\"><a href=\"#tebeo\"><img loading=\"lazy\" decoding=\"async\" width=\"530\" height=\"300\" src=\"https:\/\/www.bcd.bzh\/becedia\/bretagne-1972\/wp-content\/uploads\/2022\/03\/logo_tebeo_reduit_0.jpg\" alt=\"\" class=\"wp-image-1187\" srcset=\"https:\/\/www.bcd.bzh\/becedia\/bretagne-1972\/wp-content\/uploads\/2022\/03\/logo_tebeo_reduit_0.jpg 530w, https:\/\/www.bcd.bzh\/becedia\/bretagne-1972\/wp-content\/uploads\/2022\/03\/logo_tebeo_reduit_0-300x170.jpg 300w\" sizes=\"auto, (max-width: 530px) 100vw, 530px\" \/><\/a><\/figure>\n<\/div>\n<\/div>\n\n\n\n<div class=\"wp-block-group\"><div class=\"wp-block-group__inner-container is-layout-flow wp-block-group-is-layout-flow\"><\/div><\/div>\n\n\n\n<h2 class=\"wp-block-heading\" id=\"films-a-voir-sur-bed\">Films \u00e0 voir sur BED :<\/h2>\n\n\n\n<div class=\"wp-block-media-text alignwide is-stacked-on-mobile is-vertically-aligned-top\" style=\"grid-template-columns:30% auto\"><figure class=\"wp-block-media-text__media\"><a href=\"http:\/\/www.bed.bzh\/fr\/films\/freres-de-classe\/\"><img loading=\"lazy\" decoding=\"async\" width=\"300\" height=\"225\" src=\"https:\/\/www.bcd.bzh\/becedia\/bretagne-1972\/wp-content\/uploads\/2022\/02\/freres-de-classe-2-300x225.jpg\" alt=\"\" class=\"wp-image-473 size-medium\" srcset=\"https:\/\/www.bcd.bzh\/becedia\/bretagne-1972\/wp-content\/uploads\/2022\/02\/freres-de-classe-2-300x225.jpg 300w, https:\/\/www.bcd.bzh\/becedia\/bretagne-1972\/wp-content\/uploads\/2022\/02\/freres-de-classe-2.jpg 720w\" sizes=\"auto, (max-width: 300px) 100vw, 300px\" \/><\/a><\/figure><div class=\"wp-block-media-text__content\">\n<p class=\"has-large-font-size\"><balise id=\"freresdeclasse\"><strong><a href=\"http:\/\/www.bed.bzh\/fr\/films\/freres-de-classe\/\">Fr\u00e8res de <\/a><a href=\"http:\/\/www.bed.bzh\/fr\/films\/freres-de-classe\/\" target=\"_blank\" rel=\"noreferrer noopener\">Classe<\/a><\/strong> par Christophe Cordier<\/balise><\/p>\n\n\n\n<p>La Bretagne, Saint-Brieuc, mars 1972. Une gr\u00e8ve avec occupation \u00e9clate aux usines du Joint fran\u00e7ais. Le 6 avril, l&#8217;affrontement avec les forces de l&#8217;ordre est imminent. De cette lutte un moment unique va \u00eatre immortalis\u00e9 par un clich\u00e9 photographique : un manifestant, un CRS face-\u00e0-face. L&#8217;ouvrier est en rage, semble hurler, le visage d\u00e9form\u00e9 par la col\u00e8re. Il tient le CRS par la vareuse&#8230; Deux hommes pr\u00eats au corps \u00e0 corps. Mais l&#8217;image ne dit pas tout&#8230;<\/p>\n<\/div><\/div>\n\n\n\n<div class=\"wp-block-media-text alignwide is-stacked-on-mobile is-vertically-aligned-top\" style=\"grid-template-columns:30% auto\"><figure class=\"wp-block-media-text__media\"><a href=\"http:\/\/www.bed.bzh\/fr\/films\/les-chevalieres-de-la-table-ronde\/\" target=\"_blank\" rel=\"noopener\"><img loading=\"lazy\" decoding=\"async\" width=\"300\" height=\"169\" src=\"https:\/\/www.bcd.bzh\/becedia\/bretagne-1972\/wp-content\/uploads\/2022\/02\/chevalierestableronde-300x169.jpg\" alt=\"\" class=\"wp-image-478 size-medium\" srcset=\"https:\/\/www.bcd.bzh\/becedia\/bretagne-1972\/wp-content\/uploads\/2022\/02\/chevalierestableronde-300x169.jpg 300w, https:\/\/www.bcd.bzh\/becedia\/bretagne-1972\/wp-content\/uploads\/2022\/02\/chevalierestableronde.jpg 650w\" sizes=\"auto, (max-width: 300px) 100vw, 300px\" \/><\/a><\/figure><div class=\"wp-block-media-text__content\">\n<p class=\"has-large-font-size\"><a style=\"font-weight: bold;\" href=\"http:\/\/www.bed.bzh\/fr\/films\/les-chevalieres-de-la-table-ronde\/\" target=\"_blank\" rel=\"noreferrer noopener\">Les chevali\u00e8res de la Table Ronde<\/a><b> <\/b>par Marie H\u00e9lia<\/p>\n\n\n\n<p>50 ans de luttes pour les droits des femmes racont\u00e9es par celles qui se sont battues. Aujourd\u2019hui, elles ont entre 60 et 85 ans, l\u2019\u00e2ge de partir disent-les plus anciennes, et avant de partir elles ont \u00e0 dire\u2026 beaucoup : leur vie de femmes, de m\u00e8res, d\u2019\u00e9pouses, de f\u00e9ministes, de militantes. Les souvenirs font p\u00e9tiller les pupilles, les opinions sont toujours bien tremp\u00e9es, pas de concession \u00e0 vingt ou quatre-vingt ans : mon corps m\u2019appartient ! <br>(extrait de film)<\/p>\n\n\n\n<p><\/p>\n<\/div><\/div>\n\n\n\n<div class=\"wp-block-media-text alignwide is-stacked-on-mobile is-vertically-aligned-top\" style=\"grid-template-columns:30% auto\"><figure class=\"wp-block-media-text__media\"><a href=\"http:\/\/www.bed.bzh\/fr\/films\/le-mai-breton-du-joint-francais\/\" target=\"_blank\" rel=\"noopener\"><img loading=\"lazy\" decoding=\"async\" width=\"300\" height=\"220\" src=\"https:\/\/www.bcd.bzh\/becedia\/bretagne-1972\/wp-content\/uploads\/2022\/02\/jointfrancais-300x220.jpg\" alt=\"\" class=\"wp-image-477 size-medium\" srcset=\"https:\/\/www.bcd.bzh\/becedia\/bretagne-1972\/wp-content\/uploads\/2022\/02\/jointfrancais-300x220.jpg 300w, https:\/\/www.bcd.bzh\/becedia\/bretagne-1972\/wp-content\/uploads\/2022\/02\/jointfrancais.jpg 492w\" sizes=\"auto, (max-width: 300px) 100vw, 300px\" \/><\/a><\/figure><div class=\"wp-block-media-text__content\">\n<p class=\"has-large-font-size\"><strong><a href=\"http:\/\/www.bed.bzh\/fr\/films\/le-mai-breton-du-joint-francais\/\" target=\"_blank\" rel=\"noreferrer noopener\">Le Mai Breton du Joint Fran\u00e7ais<\/a><\/strong> par Ariel Nathan<\/p>\n\n\n\n<p>Quatre ans apr\u00e8s Mai 68, la gr\u00e8ve des ouvriers du Joint Fran\u00e7ais \u00e0 Saint-Brieuc d\u00e9clenche un mouvement de solidarit\u00e9 dans toute la r\u00e9gion et devient une affaire politique nationale. (extrait de film)<\/p>\n<\/div><\/div>\n\n\n\n<div class=\"wp-block-media-text alignwide is-stacked-on-mobile is-vertically-aligned-top is-image-fill\" style=\"grid-template-columns:30% auto\"><figure class=\"wp-block-media-text__media\" style=\"background-image:url(http:\/\/www.bcd.bzh\/becedia\/bretagne-1972\/wp-content\/uploads\/2022\/01\/Anjela-duval.jpg);background-position:50% 50%\"><a href=\"http:\/\/bretagne-et-diversite.net\/fr\/films\/un-monde-enrage-le-temps-danjela-duval\/\" target=\"_blank\" rel=\"noopener\"><img loading=\"lazy\" decoding=\"async\" width=\"800\" height=\"453\" src=\"http:\/\/www.bcd.bzh\/becedia\/bretagne-1972\/wp-content\/uploads\/2022\/01\/Anjela-duval.jpg\" alt=\"\" class=\"wp-image-1182 size-medium\" srcset=\"https:\/\/www.bcd.bzh\/becedia\/bretagne-1972\/wp-content\/uploads\/2022\/01\/Anjela-duval.jpg 800w, https:\/\/www.bcd.bzh\/becedia\/bretagne-1972\/wp-content\/uploads\/2022\/01\/Anjela-duval-300x170.jpg 300w, https:\/\/www.bcd.bzh\/becedia\/bretagne-1972\/wp-content\/uploads\/2022\/01\/Anjela-duval-768x435.jpg 768w\" sizes=\"auto, (max-width: 800px) 100vw, 800px\" \/><\/a><\/figure><div class=\"wp-block-media-text__content\">\n<p class=\"has-large-font-size\"><strong><a href=\"http:\/\/www.bed.bzh\/fr\/films\/un-monde-enrage-le-temps-danjela-duval\/\" target=\"_blank\" rel=\"noreferrer noopener\">Un monde enrag\u00e9, le temps d&#8217;Angela Duval,<\/a><\/strong> par Patrick Prado<\/p>\n\n\n\n<p>&#8221; Un monde enrag\u00e9, Le temps d&#8217;Anjela Duval &#8221; est le 2\u00e8me num\u00e9ro d\u2019une s\u00e9rie intitul\u00e9e \u00ab Basculement \u00bb. Il \u00e9voque l\u2019autre c\u00f4t\u00e9 de l\u2019histoire \u00e0 travers la vie, la voix et les po\u00e8mes d\u2019une vieille paysanne, qui parle de la fin de la paysannerie artisanale au profit de l\u2019agriculture industrielle. Cette derni\u00e8re s\u2019impose contre les paysans et leur langue, le breton.<\/p>\n<\/div><\/div>\n\n\n\n<div class=\"wp-block-media-text alignwide is-stacked-on-mobile is-vertically-aligned-top\" style=\"grid-template-columns:30% auto\"><figure class=\"wp-block-media-text__media\"><a href=\"http:\/\/www.bed.bzh\/fr\/films\/hentou-70\/\" target=\"_blank\" rel=\"noopener\"><img loading=\"lazy\" decoding=\"async\" width=\"300\" height=\"169\" src=\"https:\/\/www.bcd.bzh\/becedia\/bretagne-1972\/wp-content\/uploads\/2022\/02\/Region00800-300x169.jpg\" alt=\"\" class=\"wp-image-476 size-medium\" srcset=\"https:\/\/www.bcd.bzh\/becedia\/bretagne-1972\/wp-content\/uploads\/2022\/02\/Region00800-300x169.jpg 300w, https:\/\/www.bcd.bzh\/becedia\/bretagne-1972\/wp-content\/uploads\/2022\/02\/Region00800.jpg 512w\" sizes=\"auto, (max-width: 300px) 100vw, 300px\" \/><\/a><\/figure><div class=\"wp-block-media-text__content\">\n<p class=\"has-large-font-size\"><strong><a href=\"http:\/\/www.bed.bzh\/fr\/films\/hentou-70\/\" target=\"_blank\" rel=\"noreferrer noopener\">Hento\u00f9 70<\/a> <\/strong>par Roland Michon et Mathieu Herry<\/p>\n\n\n\n<p>Titl ar film a gas ar sellerien da heul Bob Dylan, Jack Kerouac hag ar spered nevez, ganet er bed a-bezh e fin ar bloavezhio\u00f9 1960. E Breizh ema\u00f1 ivez an trao\u00f9 o che\u00f1ch. E 1968 e lavarer e fell d&#8217;ar C&#8217;hornog beva\u00f1, ha tonio\u00f9 sonerezh mod nevez a groger da glevet ivez. <\/p>\n\n\n\n<p>Routes 70 est un clin d&#8217;\u0153il aux itin\u00e9raires mythiques des routards des ann\u00e9es 1960, d\u00e9crits par Jack Kerouac, chant\u00e9s par Bob Dylan&#8230; Les routes, les chemins sont ceux de femmes et d&#8217;hommes qui peu apr\u00e8s ont construit leur vie et particip\u00e9 \u00e0 un \u00e9lan collectif en Bretagne, avec et autour, de leur langue et de leur culture.<\/p>\n<\/div><\/div>\n\n\n\n<h2 class=\"wp-block-heading\" id=\"films-a-retrouver-a-la-cinematheque-de-bretagne\">Films \u00e0 retrouver \u00e0 la Cin\u00e9math\u00e8que de Bretagne :<\/h2>\n\n\n\n<div class=\"wp-block-media-text alignwide is-stacked-on-mobile is-vertically-aligned-top\" style=\"grid-template-columns:30% auto\"><figure class=\"wp-block-media-text__media\"><img loading=\"lazy\" decoding=\"async\" width=\"300\" height=\"240\" src=\"https:\/\/www.bcd.bzh\/becedia\/bretagne-1972\/wp-content\/uploads\/2022\/02\/648-300x240.jpg\" alt=\"\" class=\"wp-image-873 size-medium\" srcset=\"https:\/\/www.bcd.bzh\/becedia\/bretagne-1972\/wp-content\/uploads\/2022\/02\/648-300x240.jpg 300w, https:\/\/www.bcd.bzh\/becedia\/bretagne-1972\/wp-content\/uploads\/2022\/02\/648.jpg 720w\" sizes=\"auto, (max-width: 300px) 100vw, 300px\" \/><\/figure><div class=\"wp-block-media-text__content\">\n<p class=\"has-large-font-size\"><a href=\"https:\/\/www.cinematheque-bretagne.bzh\/base-documentaire-voici-la-col\u00e8re-bretonne-la-gr\u00e8ve-du-joint-fran\u00e7ais-426-648-0-1.html?ref=ef5aeebd07efc3fbb22236ca1d78f9a1\" target=\"_blank\" rel=\"noreferrer noopener\">Voici la col\u00e8re Bretonne, la gr\u00e8ve du Joint Fran\u00e7ais<\/a> par Jean-Louis Le Tacon<\/p>\n\n\n\n<p>La cam\u00e9ra filme les paysans qui apportent le ravitaillement, les distributions, les vivres aux gr\u00e9vistes, les galas de solidarit\u00e9, le jour des n\u00e9gociations \u00e0 l&#8217;inspection du travail, elle suit les gr\u00e9vistes qui s\u00e9questrent les patrons r\u00e9calcitrants et l\u00e0 elle devient une arme totalement int\u00e9gr\u00e9e \u00e0 la gr\u00e8ve : un gr\u00e9viste tient les deux floods de 1 000 Watts et prend plaisir \u00e0 \u00e9blouir les patrons, un autre tient le micro qui est plac\u00e9 sous le nez de M. Fourt, l&#8217;homme aux pleins pouvoirs dans la CGE ; les ouvriers lib\u00e9r\u00e9s chantent l&#8217;Internationale le poing lev\u00e9, les patrons ne savent plus o\u00f9 se mettre : la cam\u00e9ra tourne, personne n&#8217;y voit d&#8217;inconv\u00e9nient, chacun comprend que ce sera important de transmettre plus tard des images de ce qui se passe en ce moment : le monde \u00e0 l&#8217;envers. (catalogue Torr e benn)<\/p>\n<\/div><\/div>\n\n\n\n<div class=\"wp-block-media-text alignwide is-stacked-on-mobile is-vertically-aligned-top\" style=\"grid-template-columns:30% auto\"><figure class=\"wp-block-media-text__media\"><img loading=\"lazy\" decoding=\"async\" width=\"300\" height=\"240\" src=\"https:\/\/www.bcd.bzh\/becedia\/bretagne-1972\/wp-content\/uploads\/2022\/02\/647-300x240.jpg\" alt=\"\" class=\"wp-image-874 size-medium\" srcset=\"https:\/\/www.bcd.bzh\/becedia\/bretagne-1972\/wp-content\/uploads\/2022\/02\/647-300x240.jpg 300w, https:\/\/www.bcd.bzh\/becedia\/bretagne-1972\/wp-content\/uploads\/2022\/02\/647.jpg 720w\" sizes=\"auto, (max-width: 300px) 100vw, 300px\" \/><\/figure><div class=\"wp-block-media-text__content\">\n<p class=\"has-large-font-size\"><a href=\"http:\/\/xn--voici%20la%20colre%20bretonne%2C%20la%20grve%20du%20joint%20franais-70fu0a\/\" target=\"_blank\" rel=\"noreferrer noopener\"><\/a><a href=\"https:\/\/www.cinematheque-bretagne.bzh\/base-documentaire-nous-irons-jusqu-au-bout-%7Bkaolins-de-pl%C3%A9met%7D-426-647-0-1.html?ref=85ef68b030124f4849c6b0d1de88eda6\" target=\"_blank\" rel=\"noreferrer noopener\">Nous irons jusqu&#8217;au bout (Kaolins de Pl\u00e9met)<\/a> par Jean-Louis Le Tacon<\/p>\n\n\n\n<p>Chronique de 9 semaines de gr\u00e8ve des ouvriers des kaolins de Pl\u00e9met. Le film insiste sur le caract\u00e8re particulier d&#8217;une telle gr\u00e8ve dans une commune rurale et dans un secteur de l&#8217;ancien prol\u00e9tariat breton : celui de l&#8217;exploitation du sous-sol, presque enti\u00e8rement liquid\u00e9 apr\u00e8s la fermeture des forges d&#8217;Hennebont.<\/p>\n<\/div><\/div>\n\n\n\n<div class=\"wp-block-media-text alignwide is-stacked-on-mobile\" style=\"grid-template-columns:30% auto\"><figure class=\"wp-block-media-text__media\"><img loading=\"lazy\" decoding=\"async\" width=\"300\" height=\"225\" src=\"https:\/\/www.bcd.bzh\/becedia\/bretagne-1972\/wp-content\/uploads\/2022\/02\/Region00353-300x225.jpg\" alt=\"\" class=\"wp-image-479 size-medium\" srcset=\"https:\/\/www.bcd.bzh\/becedia\/bretagne-1972\/wp-content\/uploads\/2022\/02\/Region00353-300x225.jpg 300w, https:\/\/www.bcd.bzh\/becedia\/bretagne-1972\/wp-content\/uploads\/2022\/02\/Region00353.jpg 512w\" sizes=\"auto, (max-width: 300px) 100vw, 300px\" \/><\/figure><div class=\"wp-block-media-text__content\">\n<p class=\"has-large-font-size\"><balise id=\"avoirvingtans\"><a href=\"https:\/\/www.cinematheque-bretagne.bzh\/base-documentaire-avoir-vingt-ans-dans-les-aur\u00e8s-426-1344-0-2.html?ref=05dfb23743bb20f6c8b6deed0dc68646\" target=\"_blank\" rel=\"noreferrer noopener\">Avoir 20 ans dans les Aur\u00e8s<\/a> par Ren\u00e9 Vautier<\/balise><\/p>\n\n\n\n<p>Le film, sorti le 12 mai 1972, obtint le Prix de la critique \u00e0 Cannes. 1961, dans le Sud alg\u00e9rien. Des rappel\u00e9s, hostiles \u00e0 la guerre d&#8217;Alg\u00e9rie, ont \u00e9t\u00e9 repris en mains par le lieutenant Perrin. Pris dans l&#8217;engrenage de la guerre, ils pillent, ils tuent, ils violent. Sauf No\u00ebl, un humaniste, qui a toujours refus\u00e9 de se servir d&#8217;une arme. Il lib\u00e8re un prisonnier alg\u00e9rien qui doit \u00eatre fusill\u00e9 et fuit avec lui vers la fronti\u00e8re. Il est malencontreusement abattu par un nomade. (acc\u00e8s sous r\u00e9serve d&#8217;adh\u00e9sion)<\/p>\n<\/div><\/div>\n\n\n\n<div class=\"wp-block-media-text alignwide is-stacked-on-mobile is-vertically-aligned-top\" style=\"grid-template-columns:30% auto\"><figure class=\"wp-block-media-text__media\"><img loading=\"lazy\" decoding=\"async\" width=\"300\" height=\"238\" src=\"https:\/\/www.bcd.bzh\/becedia\/bretagne-1972\/wp-content\/uploads\/2022\/02\/22321-300x238.jpg\" alt=\"\" class=\"wp-image-876 size-medium\" srcset=\"https:\/\/www.bcd.bzh\/becedia\/bretagne-1972\/wp-content\/uploads\/2022\/02\/22321-300x238.jpg 300w, https:\/\/www.bcd.bzh\/becedia\/bretagne-1972\/wp-content\/uploads\/2022\/02\/22321.jpg 720w\" sizes=\"auto, (max-width: 300px) 100vw, 300px\" \/><\/figure><div class=\"wp-block-media-text__content\">\n<p class=\"has-large-font-size\"><a href=\"https:\/\/www.cinematheque-bretagne.bzh\/base-documentaire-big-dutchman-426-22321-0-1.html?ref=049eb2d892e1ea1390f96b0e7ae6f3a8\" target=\"_blank\" rel=\"noreferrer noopener\">Big Dutchman<\/a> par Bernard Andrieux<\/p>\n\n\n\n<p>Big Dutchman, vaste empire agroalimentaire international, a install\u00e9 au d\u00e9but des ann\u00e9es 70 une usine agroalimentaire de volaille \u00e0 Saint Carreuc cr\u00e9ant ainsi des emplois dans une r\u00e9gion essentiellement rurale. Dans la foul\u00e9e du Joint fran\u00e7ais, les OS de la petite unit\u00e9 de Saint Carreuc votent la gr\u00e8ve illimit\u00e9e, le 11 septembre 1972. Leurs revendications portent sur une augmentation des salaires. Ils sont rapidement soutenus par les ouvriers du Joint Fran\u00e7ais et des Kaolins de Pl\u00e9met tandis que les ouvriers de Renault Billancourt organisent des collectes. Le film suit au jour le jour les diff\u00e9rentes actions des gr\u00e9vistes (manifestations,blocage de l\u2019usine, meetings et occupation), les aides de la population locale et les festo\u00f9 noz de soutien sans omettre l\u2019action du S.A.C. Cette gr\u00e8ve r\u00e9v\u00e8lera l\u2019enracinement d\u2019une industrialisation diffuse en milieu rural qui pour cr\u00e9er des emplois n\u2019en pratique pas moins une politique sociale archa\u00efque.<\/p>\n<\/div><\/div>\n\n\n\n<div class=\"wp-block-media-text alignwide is-stacked-on-mobile is-vertically-aligned-top\" style=\"grid-template-columns:30% auto\"><figure class=\"wp-block-media-text__media\"><img loading=\"lazy\" decoding=\"async\" width=\"300\" height=\"209\" src=\"https:\/\/www.bcd.bzh\/becedia\/bretagne-1972\/wp-content\/uploads\/2022\/02\/372-300x209.jpg\" alt=\"\" class=\"wp-image-877 size-medium\" srcset=\"https:\/\/www.bcd.bzh\/becedia\/bretagne-1972\/wp-content\/uploads\/2022\/02\/372-300x209.jpg 300w, https:\/\/www.bcd.bzh\/becedia\/bretagne-1972\/wp-content\/uploads\/2022\/02\/372-768x534.jpg 768w, https:\/\/www.bcd.bzh\/becedia\/bretagne-1972\/wp-content\/uploads\/2022\/02\/372.jpg 828w\" sizes=\"auto, (max-width: 300px) 100vw, 300px\" \/><\/figure><div class=\"wp-block-media-text__content\">\n<p class=\"has-large-font-size\"><a href=\"https:\/\/www.cinematheque-bretagne.bzh\/base-documentaire-guerre-du-lait-la-426-372-0-1.html?ref=ba6423988dd164003d9e00f01e971ee7\" target=\"_blank\" rel=\"noreferrer noopener\">La guerre du lait<\/a> par Guy Chapouilli\u00e9 et Claude Bailbl\u00e9<\/p>\n\n\n\n<p>Au printemps 1972, les paysans de l&#8217;ouest de la France se mettent en lutte pour imposer une juste r\u00e9mun\u00e9ration de leur travail, bloquant les coop\u00e9ratives et firmes laiti\u00e8res, d\u00e9versant les citernes \u00e0 lait, manifestant devant les pr\u00e9fectures.<br>C&#8217;est ce mouvement qu&#8217;ont suivi plusieurs militants apprentis-cin\u00e9astes, par ailleurs \u00e9tudiants au d\u00e9partement Cin\u00e9ma de Paris 8 &#8211; Vincennes, et comme tels, munis d&#8217;une cam\u00e9ra 16mm Eclair-Coutant, d&#8217;un Nagra III et de quelques bobines (120m) de film inversible noir et blanc.<\/p>\n<\/div><\/div>\n\n\n\n<div class=\"wp-block-media-text alignwide is-stacked-on-mobile is-vertically-aligned-top\" style=\"grid-template-columns:30% auto\"><figure class=\"wp-block-media-text__media\"><a href=\"https:\/\/www.cinematheque-bretagne.bzh\/Exploration_Armorique-dilapidee-_L-_-970-13941-0-0.html\"><img loading=\"lazy\" decoding=\"async\" width=\"768\" height=\"576\" src=\"http:\/\/www.bcd.bzh\/becedia\/bretagne-1972\/wp-content\/uploads\/2022\/03\/13941.jpg\" alt=\"\" class=\"wp-image-1244 size-medium\" srcset=\"https:\/\/www.bcd.bzh\/becedia\/bretagne-1972\/wp-content\/uploads\/2022\/03\/13941.jpg 768w, https:\/\/www.bcd.bzh\/becedia\/bretagne-1972\/wp-content\/uploads\/2022\/03\/13941-300x225.jpg 300w\" sizes=\"auto, (max-width: 768px) 100vw, 768px\" \/><\/a><\/figure><div class=\"wp-block-media-text__content\">\n<p class=\"has-large-font-size\"><a href=\"https:\/\/www.cinematheque-bretagne.bzh\/base-documentaire-guerre-du-lait-la-426-372-0-1.html?ref=ba6423988dd164003d9e00f01e971ee7\" target=\"_blank\" rel=\"noreferrer noopener\">Armorique dilapid\u00e9e<\/a> par Ronan Qu\u00e9m\u00e9r\u00e9<\/p>\n\n\n\n<p>La c\u00f4te bretonne voit surgir le b\u00e9ton dans une anarchie stup\u00e9fiante qui la d\u00e9grade pour longtemps. Au nom du tourisme et du progr\u00e8s, des routes c\u00f4ti\u00e8res et des parkings saccagent le paysage, des permis de construire sont attribu\u00e9s sans tenir compte de l&#8217;architecture locale, des lotissements prolif\u00e8rent un peu partout, les lignes \u00e9lectriques barrent l&#8217;horizon, des terrains sont progressivement gagn\u00e9s sur la mer ou sur les rivi\u00e8res sans aucun respect de l&#8217;environnement.<\/p>\n<\/div><\/div>\n\n\n\n<h2 class=\"wp-block-heading\" id=\"films-disponibles-sur-kub\">Films disponibles sur KuB :<\/h2>\n\n\n\n<div class=\"wp-block-media-text alignwide is-stacked-on-mobile is-vertically-aligned-top\" style=\"grid-template-columns:30% auto\"><figure class=\"wp-block-media-text__media\"><img loading=\"lazy\" decoding=\"async\" width=\"720\" height=\"576\" src=\"http:\/\/www.bcd.bzh\/becedia\/bretagne-1972\/wp-content\/uploads\/2022\/02\/Kub-guerre-lait.jpg\" alt=\"\" class=\"wp-image-1065 size-medium\" srcset=\"https:\/\/www.bcd.bzh\/becedia\/bretagne-1972\/wp-content\/uploads\/2022\/02\/Kub-guerre-lait.jpg 720w, https:\/\/www.bcd.bzh\/becedia\/bretagne-1972\/wp-content\/uploads\/2022\/02\/Kub-guerre-lait-300x240.jpg 300w\" sizes=\"auto, (max-width: 720px) 100vw, 720px\" \/><\/figure><div class=\"wp-block-media-text__content\">\n<p class=\"has-large-font-size\"><a href=\"https:\/\/www.kubweb.media\/page\/chronique-des-annees-tristes-crise-lait-annees-70-alain-aubert-dechartre\/\" target=\"_blank\" rel=\"noreferrer noopener\">Chroniques des ann\u00e9es tristes<\/a> d&#8217;Alain Aubert-Dechartre<\/p>\n\n\n\n<p><strong><em>Chronique des ann\u00e9es tristes<\/em><\/strong> met en parall\u00e8le une fille de viticulteur languedocien, qui vit la crise viticole en Occitanie, et un fils d\u2019agriculteur breton, durant la crise laiti\u00e8re en Bretagne. Leurs familles sont confront\u00e9es aux coop\u00e9ratives, aux trusts et aux banques, les obligeant \u00e0 une agriculture de plus en plus industrielle et intensive. Les p\u00e9rip\u00e9ties de ce qui fut appel\u00e9 la g<em>uerre du lait<\/em> (1972) et la g<em>uerre du vin<\/em> (1976) ont \u00e9t\u00e9 reconstitu\u00e9es sur les lieux m\u00eames, avec des paysans et des viticulteurs les ayant v\u00e9cues.<\/p>\n\n\n\n<p>Cette fiction, aux bases historiques concr\u00e8tes, \u00e9voque et analyse ce que v\u00e9curent des milliers de jeunes ruraux, qui, comme ces deux jeunes, furent pouss\u00e9s vers Paris au cours des ann\u00e9es 1960-70 et au-del\u00e0, faute de pouvoir vivre et travailler dans leur r\u00e9gion d\u2019origine.<br><em>Source : KuB<\/em><\/p>\n<\/div><\/div>\n\n\n\n<div class=\"wp-block-media-text alignwide is-stacked-on-mobile is-vertically-aligned-top is-style-default\" style=\"grid-template-columns:30% auto\"><figure class=\"wp-block-media-text__media\"><img loading=\"lazy\" decoding=\"async\" width=\"720\" height=\"576\" src=\"http:\/\/www.bcd.bzh\/becedia\/bretagne-1972\/wp-content\/uploads\/2022\/02\/Kub-PRADO.jpg\" alt=\"\" class=\"wp-image-1066 size-medium\" srcset=\"https:\/\/www.bcd.bzh\/becedia\/bretagne-1972\/wp-content\/uploads\/2022\/02\/Kub-PRADO.jpg 720w, https:\/\/www.bcd.bzh\/becedia\/bretagne-1972\/wp-content\/uploads\/2022\/02\/Kub-PRADO-300x240.jpg 300w\" sizes=\"auto, (max-width: 720px) 100vw, 720px\" \/><\/figure><div class=\"wp-block-media-text__content\">\n<p class=\"has-large-font-size\"><a href=\"https:\/\/www.kubweb.media\/page\/patrick-prado-basculement-1-2\/\" target=\"_blank\" rel=\"noreferrer noopener\">Un secret bien gard\u00e9<\/a> de Patrick Prado<\/p>\n\n\n\n<p><strong>Patrick Prado<\/strong> :<em>1972,<\/em> <em>c\u2019\u00e9tait la fin des paysans ; ils \u00e9taient partis du village et nous, nous arrivions chez eux. Ils ne sont jamais revenus ; nous nous sommes install\u00e9s \u00e0 leur place. Une population est remplac\u00e9e par une autre, un sauve qui peut g\u00e9n\u00e9ral, un village siphonn\u00e9. Le village s\u2019appelle N\u00e9v\u00e9dic, dans le Morbihan. Nous allions vers des temps nouveaux, que nous refusions obstin\u00e9ment. Le joli mai 68 \u00e9tait pass\u00e9 par l\u00e0. Par quoi allions-nous remplacer la vie paysanne qui disparaissait peu \u00e0 peu ? Nous n\u2019en avions aucune id\u00e9e pendant que s\u2019\u00e9levaient partout les accents accablants et mena\u00e7ants de la modernit\u00e9.<\/em><\/p>\n\n\n\n<p><em>Plus que le droit au travail et le droit \u00e0 la paresse, c\u2019est le droit au temps qui nous paraissait le plus important. De fait, nous tournions en rond dans la nuit et nous nous consumions par le feu. Au fond, nous voulions juste sauver notre peau.<\/em><br><em>Source : KuB<\/em><\/p>\n<\/div><\/div>\n\n\n\n<div class=\"wp-block-media-text alignwide is-stacked-on-mobile is-vertically-aligned-top is-style-default\" style=\"grid-template-columns:30% auto\"><figure class=\"wp-block-media-text__media\"><img loading=\"lazy\" decoding=\"async\" width=\"720\" height=\"576\" src=\"http:\/\/www.bcd.bzh\/becedia\/bretagne-1972\/wp-content\/uploads\/2022\/02\/Kub-glenmor.jpg\" alt=\"\" class=\"wp-image-1067 size-medium\" srcset=\"https:\/\/www.bcd.bzh\/becedia\/bretagne-1972\/wp-content\/uploads\/2022\/02\/Kub-glenmor.jpg 720w, https:\/\/www.bcd.bzh\/becedia\/bretagne-1972\/wp-content\/uploads\/2022\/02\/Kub-glenmor-300x240.jpg 300w\" sizes=\"auto, (max-width: 720px) 100vw, 720px\" \/><\/figure><div class=\"wp-block-media-text__content\">\n<p class=\"has-large-font-size\"><a href=\"https:\/\/www.kubweb.media\/page\/glenmor-eveilleur-milig-chanteur-engage-breton-philippe-guilloux\/\" target=\"_blank\" rel=\"noreferrer noopener\">Glenmor l&#8217;\u00e9veilleur<\/a> de Philippe Guillou<\/p>\n\n\n\n<p>Glenmor, (\u00c9mile Le Scanff \u00e0 l\u2019\u00e9tat civil), n\u00e9 le 25 juin 1931 \u00e0 Ma\u00ebl-Carhaix et mort le 18 juin 1996 \u00e0 Quimperl\u00e9, \u00e9tait un auteur, compositeur, interpr\u00e8te, \u00e9crivain et po\u00e8te de langue fran\u00e7aise et bretonne, tr\u00e8s engag\u00e9 dans la d\u00e9fense de l\u2019identit\u00e9 et de la culture bretonne.<\/p>\n\n\n\n<p>\u00c9veilleur des consciences et personnalit\u00e9 bretonne hors du commun, Glenmor a fortement contribu\u00e9 tout au long de sa carri\u00e8re \u00e0 l\u2019essor du mouvement culturel breton des ann\u00e9es 70, permettant de faire rena\u00eetre le sentiment de fiert\u00e9 de tout un peuple, mis \u00e0 mal dans la France de l\u2019apr\u00e8s-guerre quand la culture celte et la langue bretonne \u00e9taient pr\u00e9sent\u00e9es comme un facteur d\u2019arri\u00e9ration et objet de m\u00e9pris.<br><em>Source : KuB<\/em><\/p>\n\n\n\n<p><\/p>\n<\/div><\/div>\n\n\n\n<h2 class=\"wp-block-heading\" id=\"france3\">La s\u00e9rie de reportages sur l&#8217;ann\u00e9e 1972 par France 3, en partenariat avec BCD :<\/h2>\n\n\n\n<figure class=\"wp-block-embed is-type-video is-provider-youtube wp-block-embed-youtube wp-embed-aspect-16-9 wp-has-aspect-ratio\"><div class=\"wp-block-embed__wrapper\">\n<iframe loading=\"lazy\" title=\"Ann\u00e9e 1972 : Quand la Bretagne et la France d\u00e9couvrent la po\u00e9tesse Anjela Duval\" width=\"750\" height=\"422\" src=\"https:\/\/www.youtube.com\/embed\/rSXQlYMWiq0?feature=oembed\" frameborder=\"0\" allow=\"accelerometer; autoplay; clipboard-write; encrypted-media; gyroscope; picture-in-picture; web-share\" allowfullscreen><\/iframe>\n<\/div><\/figure>\n\n\n\n<p>Retour sur le reportage de 1972 d&#8217;Andr\u00e9 Voisin sur Anjela Duval qui a rendu c\u00e9l\u00e8bre la po\u00e9tesse tr\u00e9goroise suite \u00e0 sa diffusion.<\/p>\n\n\n\n<figure class=\"wp-block-embed is-type-video is-provider-youtube wp-block-embed-youtube wp-embed-aspect-16-9 wp-has-aspect-ratio\"><div class=\"wp-block-embed__wrapper\">\n<iframe loading=\"lazy\" title=\"Ann\u00e9e 1972 : Quand Alan Stivell fait rayonner la musique bretonne en France et dans le monde\" width=\"750\" height=\"422\" src=\"https:\/\/www.youtube.com\/embed\/ksHEJsqj9wI?feature=oembed\" frameborder=\"0\" allow=\"accelerometer; autoplay; clipboard-write; encrypted-media; gyroscope; picture-in-picture; web-share\" allowfullscreen><\/iframe>\n<\/div><\/figure>\n\n\n\n<p>Le deuxi\u00e8me \u00e9pisode met en avant le concert d&#8217;Alan Stivell \u00e0 l&#8217;Olympia. C&#8217;\u00e9tait le 28 f\u00e9vrier 1972, un \u00e9v\u00e8nement culturel marquant.<\/p>\n\n\n\n<figure class=\"wp-block-embed is-type-video is-provider-youtube wp-block-embed-youtube wp-embed-aspect-16-9 wp-has-aspect-ratio\"><div class=\"wp-block-embed__wrapper\">\n<iframe loading=\"lazy\" title=\"Ann\u00e9e 1972 : La Bretagne soutient les gr\u00e9vistes du Joint Fran\u00e7ais \u00e0 Saint-Brieuc\" width=\"750\" height=\"422\" src=\"https:\/\/www.youtube.com\/embed\/8AqfRH6-ZqA?feature=oembed\" frameborder=\"0\" allow=\"accelerometer; autoplay; clipboard-write; encrypted-media; gyroscope; picture-in-picture; web-share\" allowfullscreen><\/iframe>\n<\/div><\/figure>\n\n\n\n<p><em>An Taol Lagad<\/em> revient sur la gr\u00e8ve du Joint Fran\u00e7ais. Entre mars et mai 1972, les ouvriers de l&#8217;usine Le joint fran\u00e7ais de Saint-Brieuc sont en gr\u00e8ve pour r\u00e9clamer les m\u00eames salaires que leurs homologues de r\u00e9gion parisienne. Une lutte suivie et soutenue \u00e0 l&#8217;\u00e9poque par de nombreux bretons.<\/p>\n\n\n\n<figure class=\"wp-block-embed is-type-video is-provider-youtube wp-block-embed-youtube wp-embed-aspect-16-9 wp-has-aspect-ratio\"><div class=\"wp-block-embed__wrapper\">\n<iframe loading=\"lazy\" title=\"1972 : l&#039;\u00e9veil d&#039;une conscience \u00e9cologique en Bretagne\" width=\"750\" height=\"422\" src=\"https:\/\/www.youtube.com\/embed\/69TnQfHngDY?feature=oembed\" frameborder=\"0\" allow=\"accelerometer; autoplay; clipboard-write; encrypted-media; gyroscope; picture-in-picture; web-share\" allowfullscreen><\/iframe>\n<\/div><\/figure>\n\n\n\n<p><em>An taol Lagad <\/em>de France 3 revient sur l\u2019\u00e9veil d&#8217;une conscience \u00e9cologique en Bretagne en 1972. Pollutions, urbanisation des c\u00f4tes, remembrement des campagnes, de nombreux sujets environnementaux s&#8217;imposent en Bretagne au d\u00e9but des ann\u00e9es 1970. L&#8217;historien et directeur de BCD Tudi Kernalegenn revient sur cette p\u00e9riode qui a vu \u00e9merger une conscience \u00e9cologique dans les esprits bretons.<\/p>\n\n\n\n<figure class=\"wp-block-embed is-type-video is-provider-youtube wp-block-embed-youtube wp-embed-aspect-16-9 wp-has-aspect-ratio\"><div class=\"wp-block-embed__wrapper\">\n<iframe loading=\"lazy\" title=\"1972 : la lutte m\u00e9connue des artisans et des petits commer\u00e7ants\" width=\"750\" height=\"422\" src=\"https:\/\/www.youtube.com\/embed\/ampiNwKbgd8?feature=oembed\" frameborder=\"0\" allow=\"accelerometer; autoplay; clipboard-write; encrypted-media; gyroscope; picture-in-picture; web-share\" allowfullscreen><\/iframe>\n<\/div><\/figure>\n\n\n\n<p>1972 : la lutte m\u00e9connue des artisans et des petits commer\u00e7ants par France 3 pour <em>An taol lagad<\/em>. Des nombreuses luttes de l&#8217;ann\u00e9e 1972 en Bretagne, l&#8217;histoire a surtout retenu celle du Joint Fran\u00e7ais et la Guerre du Lait. Mais en Centre-Bretagne, des centaines de petits commer\u00e7ants et d&#8217;artisans, men\u00e9s par un certain Jean Hourmant, ont men\u00e9 et gagn\u00e9 un combat contre la grande distribution \u00e9mergente. C&#8217;est ce que nous raconte, en archives, Ronan Hirrien.<\/p>\n\n\n\n<figure class=\"wp-block-embed is-type-video is-provider-youtube wp-block-embed-youtube wp-embed-aspect-16-9 wp-has-aspect-ratio\"><div class=\"wp-block-embed__wrapper\">\n<iframe loading=\"lazy\" title=\"1972 : des \u00e9leveurs bretons jettent leur lait pour d\u00e9fendre leur gagne-pain\" width=\"750\" height=\"422\" src=\"https:\/\/www.youtube.com\/embed\/ZApDA_b3zJU?feature=oembed\" frameborder=\"0\" allow=\"accelerometer; autoplay; clipboard-write; encrypted-media; gyroscope; picture-in-picture; web-share\" allowfullscreen><\/iframe>\n<\/div><\/figure>\n\n\n\n<p>1972 : des \u00e9leveurs bretons jettent leur lait pour d\u00e9fendre leur gagne-pain.<br>La Gr\u00e8ve du lait est l&#8217;une des luttes embl\u00e9matiques de l&#8217;ann\u00e9e 1972. Mi-Mai, dans plusieurs coins de Bretagne, des producteurs de lait d\u00e9cident de se mettre en gr\u00e8ve et de jeter leur lait pour protester contre des prix d&#8217;achats trop bas par les laiteries. Apr\u00e8s deux semaines d&#8217;\u00e2pres discussions, la lutte semble payer&#8230; mais la satisfaction des \u00e9leveurs est de courte de dur\u00e9e.<\/p>\n\n\n\n<figure class=\"wp-block-embed is-type-video is-provider-youtube wp-block-embed-youtube wp-embed-aspect-16-9 wp-has-aspect-ratio\"><div class=\"wp-block-embed__wrapper\">\n<iframe loading=\"lazy\" title=\"1972 : la f\u00eate des cornemuses devient Festival Interceltique \u00e0 Lorient\" width=\"750\" height=\"422\" src=\"https:\/\/www.youtube.com\/embed\/gInG__CBpbI?feature=oembed\" frameborder=\"0\" allow=\"accelerometer; autoplay; clipboard-write; encrypted-media; gyroscope; picture-in-picture; web-share\" allowfullscreen><\/iframe>\n<\/div><\/figure>\n\n\n\n<p>1972 : la f\u00eate des cornemuses devient Festival Interceltique par France 3 pour <em>An Taol Lagad.<\/em> N\u00e9 \u00e0 Brest, le rassemblement des bagado\u00f9 se d\u00e9place \u00e0 Lorient en 1971 avant de prendre le nom de festival interceltique l&#8217;ann\u00e9e suivante. Depuis 51, l&#8217;\u00e9v\u00e9nement n&#8217;a cess\u00e9 de changer et de s&#8217;enrichir, comme le raconte Ronan Hirrien \u00e0 travers les archives.<\/p>\n\n\n\n<figure class=\"wp-block-embed is-type-video is-provider-youtube wp-block-embed-youtube wp-embed-aspect-16-9 wp-has-aspect-ratio\"><div class=\"wp-block-embed__wrapper\">\n<iframe loading=\"lazy\" title=\"1972 : le Front de lib\u00e9ration de la Bretagne s&#039;offre une tribune lors de son proc\u00e8s\" width=\"750\" height=\"422\" src=\"https:\/\/www.youtube.com\/embed\/ZUbO7jRBnTI?feature=oembed\" frameborder=\"0\" allow=\"accelerometer; autoplay; clipboard-write; encrypted-media; gyroscope; picture-in-picture; web-share\" allowfullscreen><\/iframe>\n<\/div><\/figure>\n\n\n\n<p>1972 : le Front de lib\u00e9ration de la Bretagne s&#8217;offre une tribune lors de son proc\u00e8s par France 3 pour <em>An Taol Lagad<\/em>. Le d\u00e9but des ann\u00e9es 1970 en Bretagne est marqu\u00e9 par une reprise des attentats \u00e0 la bombe contre des symboles de l&#8217;Etat Fran\u00e7ais. Le Front de lib\u00e9ration de la Bretagne revendique ces attaques et met les services de police en \u00e9moi. En octobre 1972, la Cours de s\u00fbret\u00e9 de la R\u00e9publique juge 11 personnes qui transforment ce proc\u00e8s en tribune politique. Ronan Hirrien revient, en archives, sur ces \u00e9v\u00e9nements et la m\u00e9thode rocambolesque utilis\u00e9e par les policiers pour arr\u00eater les militants.<\/p>\n\n\n\n<figure class=\"wp-block-embed is-type-video is-provider-youtube wp-block-embed-youtube wp-embed-aspect-16-9 wp-has-aspect-ratio\"><div class=\"wp-block-embed__wrapper\">\n<iframe loading=\"lazy\" title=\"1972 : des passionn\u00e9s de musique populaire cr\u00e9ent l&#039;association Dastum\" width=\"750\" height=\"422\" src=\"https:\/\/www.youtube.com\/embed\/gOKILB6a-Ow?feature=oembed\" frameborder=\"0\" allow=\"accelerometer; autoplay; clipboard-write; encrypted-media; gyroscope; picture-in-picture; web-share\" allowfullscreen><\/iframe>\n<\/div><\/figure>\n\n\n\n<p>1972 : des passionn\u00e9s de musique populaire cr\u00e9ent l&#8217;association Dastum par France 3 pour <em>An Taol Lagad<\/em>. L&#8217;ann\u00e9e 1972 est marqu\u00e9e par de nombreux \u00e9v\u00e9nements en Bretagne. C\u00f4t\u00e9 culture, elle est aussi celle de l&#8217;association Dastum par un groupe d&#8217;amis sonneurs et chanteurs. Ils se sont rassembl\u00e9s pour collecter aupr\u00e8s des anciens le r\u00e9pertoire musical traditionnel et ainsi sauvegarder ce patrimoine oral.<\/p>\n\n\n\n<figure class=\"wp-block-embed is-type-video is-provider-youtube wp-block-embed-youtube wp-embed-aspect-16-9 wp-has-aspect-ratio\"><div class=\"wp-block-embed__wrapper\">\n<iframe loading=\"lazy\" title=\"1972 : la premi\u00e8re travers\u00e9e transmanche d&#039;un ferry de Brittany Ferries\" width=\"750\" height=\"422\" src=\"https:\/\/www.youtube.com\/embed\/Fux4eVidXfY?feature=oembed\" frameborder=\"0\" allow=\"accelerometer; autoplay; clipboard-write; encrypted-media; gyroscope; picture-in-picture; web-share\" allowfullscreen><\/iframe>\n<\/div><\/figure>\n\n\n\n<p>1972 : la premi\u00e8re traverst\u00e9e transmanche d&#8217;un ferry de Brittany Ferries par France 3 pour <em>An Taol Lagad.<\/em> L&#8217;aventure Brittany Ferries na\u00eet au d\u00e9but des ann\u00e9es 1970 dans la t\u00eate d&#8217;Alexis Gourvennnec et des producteurs de l\u00e9gumes du Nord-Finist\u00e8re. Ne trouvant aucun armateur pour affr\u00e9ter des ferries et transporter leurs l\u00e9gumes entre la Bretagne et la Grande-Bretagne, les l\u00e9gumiers d\u00e9cident de fonder leur propre compagnie, la BAI (Bretagne, Angleterre, Irlande). Leur premier navire, le Kerisnel, effectue sa premi\u00e8re travers\u00e9e entre le tout nouveau port en eau profonde de Roscoff et Plymouth le 2 janvier 1973.<\/p>\n\n\n\n<h2 class=\"wp-block-heading\" id=\"tebeo\">Pr\u00e9sentation du site et de l&#8217;ann\u00e9e 1972 sur T\u00e9b\u00e9o :<\/h2>\n\n\n\n<div class=\"wp-block-columns are-vertically-aligned-center is-layout-flex wp-container-core-columns-is-layout-9d6595d7 wp-block-columns-is-layout-flex\">\n<div class=\"wp-block-column is-vertically-aligned-center is-layout-flow wp-block-column-is-layout-flow\" style=\"flex-basis:100%\">\n<iframe loading=\"lazy\" src=\"\/\/www.ultimedia.com\/deliver\/generic\/iframe\/mdtk\/01259353\/src\/q33zuxz\/zone\/1\/showtitle\/1\/\" scrolling=\"no\" marginwidth=\"0\" marginheight=\"0\" hspace=\"0\" vspace=\"0\" webkitallowfullscreen=\"true\" mozallowfullscreen=\"true\" allowfullscreen=\"true\" allow=\"autoplay; fullscreen\" width=\"540\" height=\"304\" frameborder=\"0\"><\/iframe>\n<\/div>\n<\/div>\n\n\n\n<p>Bretagne Culture Diversit\u00e9 anime une chronique une fois tous les quinze jours dans l&#8217;\u00e9mission <em>Bonjour Bretagne<\/em> diffus\u00e9e sur T\u00e9b\u00e9o Cette fois-ci il \u00e9tait question de l&#8217;ann\u00e9e 1972 en Bretagne ! <\/p>\n","protected":false},"excerpt":{"rendered":"<p>Nous vous proposons ici une s\u00e9lection de films \u00e0 voir sur notre plateforme BED (Bretagne &amp; Diversit\u00e9) ou sur le site de notre partenaire de la Cin\u00e9math\u00e8que de Bretagne. Image d&#8217;illustration : Jacques Gourmelen Films \u00e0 voir sur BED : Fr\u00e8res de Classe par Christophe Cordier La Bretagne, Saint-Brieuc, mars 1972. Une gr\u00e8ve avec occupation&hellip; <a class=\"more-link\" href=\"https:\/\/www.bcd.bzh\/becedia\/bretagne-1972\/videotheque\/\">Poursuivre la lecture <span class=\"screen-reader-text\">Vid\u00e9oth\u00e8que<\/span><\/a><\/p>\n","protected":false},"author":5,"featured_media":1038,"parent":0,"menu_order":0,"comment_status":"closed","ping_status":"closed","template":"","meta":{"inline_featured_image":false,"footnotes":""},"class_list":["post-450","page","type-page","status-publish","has-post-thumbnail","hentry","entry"],"acf":[],"yoast_head":"<!-- This site is optimized with the Yoast SEO plugin v27.5 - https:\/\/yoast.com\/product\/yoast-seo-wordpress\/ -->\n<title>Vid\u00e9oth\u00e8que - La Bretagne en 1972<\/title>\n<meta name=\"robots\" content=\"index, follow, max-snippet:-1, max-image-preview:large, max-video-preview:-1\" \/>\n<link rel=\"canonical\" href=\"https:\/\/www.bcd.bzh\/becedia\/bretagne-1972\/videotheque\/\" \/>\n<meta property=\"og:locale\" content=\"fr_FR\" \/>\n<meta property=\"og:type\" content=\"article\" \/>\n<meta property=\"og:title\" content=\"Vid\u00e9oth\u00e8que - La Bretagne en 1972\" \/>\n<meta property=\"og:description\" content=\"Nous vous proposons ici une s\u00e9lection de films \u00e0 voir sur notre plateforme BED (Bretagne &amp; Diversit\u00e9) ou sur le site de notre partenaire de la Cin\u00e9math\u00e8que de Bretagne. Image d&#8217;illustration : Jacques Gourmelen Films \u00e0 voir sur BED : Fr\u00e8res de Classe par Christophe Cordier La Bretagne, Saint-Brieuc, mars 1972. Une gr\u00e8ve avec occupation&hellip; Poursuivre la lecture Vid\u00e9oth\u00e8que\" \/>\n<meta property=\"og:url\" content=\"https:\/\/www.bcd.bzh\/becedia\/bretagne-1972\/videotheque\/\" \/>\n<meta property=\"og:site_name\" content=\"La Bretagne en 1972\" \/>\n<meta property=\"article:modified_time\" content=\"2023-01-17T13:18:39+00:00\" \/>\n<meta property=\"og:image\" content=\"https:\/\/www.bcd.bzh\/becedia\/bretagne-1972\/wp-content\/uploads\/2022\/02\/bretagne_1972.jpg\" \/>\n\t<meta property=\"og:image:width\" content=\"1354\" \/>\n\t<meta property=\"og:image:height\" content=\"700\" \/>\n\t<meta property=\"og:image:type\" content=\"image\/jpeg\" \/>\n<meta name=\"twitter:card\" content=\"summary_large_image\" \/>\n<meta name=\"twitter:label1\" content=\"Dur\u00e9e de lecture estim\u00e9e\" \/>\n\t<meta name=\"twitter:data1\" content=\"15 minutes\" \/>\n<script type=\"application\/ld+json\" class=\"yoast-schema-graph\">{\"@context\":\"https:\\\/\\\/schema.org\",\"@graph\":[{\"@type\":\"WebPage\",\"@id\":\"https:\\\/\\\/www.bcd.bzh\\\/becedia\\\/bretagne-1972\\\/videotheque\\\/\",\"url\":\"https:\\\/\\\/www.bcd.bzh\\\/becedia\\\/bretagne-1972\\\/videotheque\\\/\",\"name\":\"Vid\u00e9oth\u00e8que - La Bretagne en 1972\",\"isPartOf\":{\"@id\":\"\\\/#website\"},\"primaryImageOfPage\":{\"@id\":\"https:\\\/\\\/www.bcd.bzh\\\/becedia\\\/bretagne-1972\\\/videotheque\\\/#primaryimage\"},\"image\":{\"@id\":\"https:\\\/\\\/www.bcd.bzh\\\/becedia\\\/bretagne-1972\\\/videotheque\\\/#primaryimage\"},\"thumbnailUrl\":\"https:\\\/\\\/www.bcd.bzh\\\/becedia\\\/bretagne-1972\\\/wp-content\\\/uploads\\\/2022\\\/02\\\/bretagne_1972.jpg\",\"datePublished\":\"2022-02-07T10:34:56+00:00\",\"dateModified\":\"2023-01-17T13:18:39+00:00\",\"breadcrumb\":{\"@id\":\"https:\\\/\\\/www.bcd.bzh\\\/becedia\\\/bretagne-1972\\\/videotheque\\\/#breadcrumb\"},\"inLanguage\":\"fr-FR\",\"potentialAction\":[{\"@type\":\"ReadAction\",\"target\":[\"https:\\\/\\\/www.bcd.bzh\\\/becedia\\\/bretagne-1972\\\/videotheque\\\/\"]}]},{\"@type\":\"ImageObject\",\"inLanguage\":\"fr-FR\",\"@id\":\"https:\\\/\\\/www.bcd.bzh\\\/becedia\\\/bretagne-1972\\\/videotheque\\\/#primaryimage\",\"url\":\"https:\\\/\\\/www.bcd.bzh\\\/becedia\\\/bretagne-1972\\\/wp-content\\\/uploads\\\/2022\\\/02\\\/bretagne_1972.jpg\",\"contentUrl\":\"https:\\\/\\\/www.bcd.bzh\\\/becedia\\\/bretagne-1972\\\/wp-content\\\/uploads\\\/2022\\\/02\\\/bretagne_1972.jpg\",\"width\":1354,\"height\":700},{\"@type\":\"BreadcrumbList\",\"@id\":\"https:\\\/\\\/www.bcd.bzh\\\/becedia\\\/bretagne-1972\\\/videotheque\\\/#breadcrumb\",\"itemListElement\":[{\"@type\":\"ListItem\",\"position\":1,\"name\":\"Accueil\",\"item\":\"https:\\\/\\\/www.bcd.bzh\\\/becedia\\\/bretagne-1972\\\/\"},{\"@type\":\"ListItem\",\"position\":2,\"name\":\"Vid\u00e9oth\u00e8que\"}]},{\"@type\":\"WebSite\",\"@id\":\"\\\/#website\",\"url\":\"\\\/\",\"name\":\"La Bretagne en 1972\",\"description\":\"\",\"publisher\":{\"@id\":\"\\\/#organization\"},\"potentialAction\":[{\"@type\":\"SearchAction\",\"target\":{\"@type\":\"EntryPoint\",\"urlTemplate\":\"\\\/?s={search_term_string}\"},\"query-input\":{\"@type\":\"PropertyValueSpecification\",\"valueRequired\":true,\"valueName\":\"search_term_string\"}}],\"inLanguage\":\"fr-FR\"},{\"@type\":\"Organization\",\"@id\":\"\\\/#organization\",\"name\":\"La Bretagne en 1972\",\"url\":\"\\\/\",\"logo\":{\"@type\":\"ImageObject\",\"inLanguage\":\"fr-FR\",\"@id\":\"\\\/#\\\/schema\\\/logo\\\/image\\\/\",\"url\":\"https:\\\/\\\/www.bcd.bzh\\\/becedia\\\/bretagne-1972\\\/wp-content\\\/uploads\\\/2022\\\/01\\\/site-logo.svg\",\"contentUrl\":\"https:\\\/\\\/www.bcd.bzh\\\/becedia\\\/bretagne-1972\\\/wp-content\\\/uploads\\\/2022\\\/01\\\/site-logo.svg\",\"width\":309,\"height\":107,\"caption\":\"La Bretagne en 1972\"},\"image\":{\"@id\":\"\\\/#\\\/schema\\\/logo\\\/image\\\/\"}}]}<\/script>\n<!-- \/ Yoast SEO plugin. -->","yoast_head_json":{"title":"Vid\u00e9oth\u00e8que - La Bretagne en 1972","robots":{"index":"index","follow":"follow","max-snippet":"max-snippet:-1","max-image-preview":"max-image-preview:large","max-video-preview":"max-video-preview:-1"},"canonical":"https:\/\/www.bcd.bzh\/becedia\/bretagne-1972\/videotheque\/","og_locale":"fr_FR","og_type":"article","og_title":"Vid\u00e9oth\u00e8que - La Bretagne en 1972","og_description":"Nous vous proposons ici une s\u00e9lection de films \u00e0 voir sur notre plateforme BED (Bretagne &amp; Diversit\u00e9) ou sur le site de notre partenaire de la Cin\u00e9math\u00e8que de Bretagne. Image d&#8217;illustration : Jacques Gourmelen Films \u00e0 voir sur BED : Fr\u00e8res de Classe par Christophe Cordier La Bretagne, Saint-Brieuc, mars 1972. Une gr\u00e8ve avec occupation&hellip; Poursuivre la lecture Vid\u00e9oth\u00e8que","og_url":"https:\/\/www.bcd.bzh\/becedia\/bretagne-1972\/videotheque\/","og_site_name":"La Bretagne en 1972","article_modified_time":"2023-01-17T13:18:39+00:00","og_image":[{"width":1354,"height":700,"url":"https:\/\/www.bcd.bzh\/becedia\/bretagne-1972\/wp-content\/uploads\/2022\/02\/bretagne_1972.jpg","type":"image\/jpeg"}],"twitter_card":"summary_large_image","twitter_misc":{"Dur\u00e9e de lecture estim\u00e9e":"15 minutes"},"schema":{"@context":"https:\/\/schema.org","@graph":[{"@type":"WebPage","@id":"https:\/\/www.bcd.bzh\/becedia\/bretagne-1972\/videotheque\/","url":"https:\/\/www.bcd.bzh\/becedia\/bretagne-1972\/videotheque\/","name":"Vid\u00e9oth\u00e8que - La Bretagne en 1972","isPartOf":{"@id":"\/#website"},"primaryImageOfPage":{"@id":"https:\/\/www.bcd.bzh\/becedia\/bretagne-1972\/videotheque\/#primaryimage"},"image":{"@id":"https:\/\/www.bcd.bzh\/becedia\/bretagne-1972\/videotheque\/#primaryimage"},"thumbnailUrl":"https:\/\/www.bcd.bzh\/becedia\/bretagne-1972\/wp-content\/uploads\/2022\/02\/bretagne_1972.jpg","datePublished":"2022-02-07T10:34:56+00:00","dateModified":"2023-01-17T13:18:39+00:00","breadcrumb":{"@id":"https:\/\/www.bcd.bzh\/becedia\/bretagne-1972\/videotheque\/#breadcrumb"},"inLanguage":"fr-FR","potentialAction":[{"@type":"ReadAction","target":["https:\/\/www.bcd.bzh\/becedia\/bretagne-1972\/videotheque\/"]}]},{"@type":"ImageObject","inLanguage":"fr-FR","@id":"https:\/\/www.bcd.bzh\/becedia\/bretagne-1972\/videotheque\/#primaryimage","url":"https:\/\/www.bcd.bzh\/becedia\/bretagne-1972\/wp-content\/uploads\/2022\/02\/bretagne_1972.jpg","contentUrl":"https:\/\/www.bcd.bzh\/becedia\/bretagne-1972\/wp-content\/uploads\/2022\/02\/bretagne_1972.jpg","width":1354,"height":700},{"@type":"BreadcrumbList","@id":"https:\/\/www.bcd.bzh\/becedia\/bretagne-1972\/videotheque\/#breadcrumb","itemListElement":[{"@type":"ListItem","position":1,"name":"Accueil","item":"https:\/\/www.bcd.bzh\/becedia\/bretagne-1972\/"},{"@type":"ListItem","position":2,"name":"Vid\u00e9oth\u00e8que"}]},{"@type":"WebSite","@id":"\/#website","url":"\/","name":"La Bretagne en 1972","description":"","publisher":{"@id":"\/#organization"},"potentialAction":[{"@type":"SearchAction","target":{"@type":"EntryPoint","urlTemplate":"\/?s={search_term_string}"},"query-input":{"@type":"PropertyValueSpecification","valueRequired":true,"valueName":"search_term_string"}}],"inLanguage":"fr-FR"},{"@type":"Organization","@id":"\/#organization","name":"La Bretagne en 1972","url":"\/","logo":{"@type":"ImageObject","inLanguage":"fr-FR","@id":"\/#\/schema\/logo\/image\/","url":"https:\/\/www.bcd.bzh\/becedia\/bretagne-1972\/wp-content\/uploads\/2022\/01\/site-logo.svg","contentUrl":"https:\/\/www.bcd.bzh\/becedia\/bretagne-1972\/wp-content\/uploads\/2022\/01\/site-logo.svg","width":309,"height":107,"caption":"La Bretagne en 1972"},"image":{"@id":"\/#\/schema\/logo\/image\/"}}]}},"_links":{"self":[{"href":"https:\/\/www.bcd.bzh\/becedia\/bretagne-1972\/wp-json\/wp\/v2\/pages\/450","targetHints":{"allow":["GET"]}}],"collection":[{"href":"https:\/\/www.bcd.bzh\/becedia\/bretagne-1972\/wp-json\/wp\/v2\/pages"}],"about":[{"href":"https:\/\/www.bcd.bzh\/becedia\/bretagne-1972\/wp-json\/wp\/v2\/types\/page"}],"author":[{"embeddable":true,"href":"https:\/\/www.bcd.bzh\/becedia\/bretagne-1972\/wp-json\/wp\/v2\/users\/5"}],"replies":[{"embeddable":true,"href":"https:\/\/www.bcd.bzh\/becedia\/bretagne-1972\/wp-json\/wp\/v2\/comments?post=450"}],"version-history":[{"count":60,"href":"https:\/\/www.bcd.bzh\/becedia\/bretagne-1972\/wp-json\/wp\/v2\/pages\/450\/revisions"}],"predecessor-version":[{"id":1533,"href":"https:\/\/www.bcd.bzh\/becedia\/bretagne-1972\/wp-json\/wp\/v2\/pages\/450\/revisions\/1533"}],"wp:featuredmedia":[{"embeddable":true,"href":"https:\/\/www.bcd.bzh\/becedia\/bretagne-1972\/wp-json\/wp\/v2\/media\/1038"}],"wp:attachment":[{"href":"https:\/\/www.bcd.bzh\/becedia\/bretagne-1972\/wp-json\/wp\/v2\/media?parent=450"}],"curies":[{"name":"wp","href":"https:\/\/api.w.org\/{rel}","templated":true}]}}