{"id":36,"date":"2022-04-12T15:27:37","date_gmt":"2022-04-12T13:27:37","guid":{"rendered":"https:\/\/www.bcd.bzh\/becedia\/bretagne-celtique\/?page_id=36"},"modified":"2022-06-10T09:44:27","modified_gmt":"2022-06-10T07:44:27","slug":"la-construction-recit-lengouement-celtomane","status":"publish","type":"page","link":"https:\/\/www.bcd.bzh\/becedia\/bretagne-celtique\/la-construction-recit-lengouement-celtomane\/","title":{"rendered":"La construction d&rsquo;un r\u00e9cit : la naissance d&rsquo;une \u00ab\u00a0passion\u00a0\u00bb celtique"},"content":{"rendered":"\n<p><\/p>\n\n\n\n<p><\/p>\n\n\n\n<p><\/p>\n\n\n\n<p><strong>\u00c0 partir du XVIII<sup>e<\/sup> si\u00e8cle, la \u00ab&nbsp;celtomanie&nbsp;\u00bb s\u2019empare des \u00e9rudits.<\/strong> L\u2019\u00e9v\u00e9nement d\u00e9clencheur de cet engouement ? Il a lieu au Royaume-Uni en&nbsp;<strong>1761<\/strong> avec la<strong> publication des Chants d\u2019Ossian par l\u2019\u00c9cossais Macpherson<\/strong>.<\/p>\n\n\n\n<p><strong> Au XIX<sup>e<\/sup> si\u00e8cle<\/strong>, la red\u00e9couverte passionn\u00e9e des Celtes s\u2019inscrit dans la r\u00e9volution id\u00e9ologique et culturelle qui aboutit \u00e0 la <strong>formation des nations europ\u00e9ennes contemporaines. En Bretagne, <\/strong>la publication du <strong><em>Barzaz Breizh<\/em> <\/strong>par La Villemarqu\u00e9 en <strong>1839<\/strong>, qui s\u2019enthousiasme pour le dynamisme culturel gallois et le mouvement n\u00e9odruidique, renforce encore l\u2019ancrage de la Bretagne dans la qu\u00eate des origines celtiques.<\/p>\n\n\n\n<h4 class=\"wp-block-heading\"><strong>Pour aller plus loin<\/strong><\/h4>\n\n\n\n<p><strong>\u00c0 lire<\/strong>, <strong>un article <\/strong>du chercheur Fa\u00f1ch Postic sur le d\u00e9veloppement  d\u2019un mouvement d\u2019int\u00e9r\u00eat <strong>pour une culture populaire au XVIII<sup>e<\/sup> si\u00e8cle<\/strong> en Europe, susceptible d\u2019avoir conserv\u00e9 le souvenir d\u2019un pass\u00e9 lointain, notamment celtique. Ce vaste mouvement de collecte est  incarn\u00e9 entre autres par le <strong>folkloriste Paul S\u00e9billot<\/strong>. Le chercheur revient \u00e9galement sur l\u2019histoire de <strong>la \u00ab&nbsp;querelle du <em>Barzaz Breiz<\/em>&nbsp;\u00bb<\/strong>. Pendant plus d\u2019un si\u00e8cle, cette dispute oppose ceux qui consid\u00e8rent cet ouvrage comme le chef-d\u2019\u0153uvre de la litt\u00e9rature bretonne, et ceux pour lesquels La&nbsp;Villemarqu\u00e9, \u00e0 l\u2019image de l\u2019\u00c9cossais MacPherson, n\u2019est qu\u2019un simple faussaire.<br><strong>Cette querelle s\u2019\u00e9teint d\u00e9finitivement en 1964<\/strong> lorsque l&rsquo;ethnologue, Donatien Laurent, d\u00e9couvre les carnets de collecte de chants populaires bretons de l&rsquo;auteur du <em>Barzaz Breiz<\/em>&nbsp;: <strong>la chercheuse Nelly Blanchard revient sur cette d\u00e9couverte<\/strong>, dans un podcast.<\/p>\n\n\n\n<p><\/p>\n\n\n<ul class=\"wp-block-latest-posts__list is-grid columns-3 alignwide wp-block-latest-posts\"><li><div class=\"wp-block-latest-posts__featured-image\"><img loading=\"lazy\" decoding=\"async\" width=\"300\" height=\"180\" src=\"https:\/\/www.bcd.bzh\/becedia\/bretagne-celtique\/wp-content\/uploads\/2022\/08\/portrait-emile_souvestre-300x180.jpg\" class=\"attachment-medium size-medium wp-post-image\" alt=\"\" style=\"width:100%;height:60%;max-width:1000px;\" srcset=\"https:\/\/www.bcd.bzh\/becedia\/bretagne-celtique\/wp-content\/uploads\/2022\/08\/portrait-emile_souvestre-300x180.jpg 300w, https:\/\/www.bcd.bzh\/becedia\/bretagne-celtique\/wp-content\/uploads\/2022\/08\/portrait-emile_souvestre-768x461.jpg 768w, https:\/\/www.bcd.bzh\/becedia\/bretagne-celtique\/wp-content\/uploads\/2022\/08\/portrait-emile_souvestre.jpg 1000w\" sizes=\"auto, (max-width: 300px) 100vw, 300px\" \/><\/div><a class=\"wp-block-latest-posts__post-title\" href=\"https:\/\/www.bcd.bzh\/becedia\/bretagne-celtique\/2022\/08\/24\/emile-souvestre-la-bretagne-revelee-a-la-france\/\">\u00c9mile Souvestre, la Bretagne r\u00e9v\u00e9l\u00e9e \u00e0 la France<\/a><\/li>\n<li><div class=\"wp-block-latest-posts__featured-image\"><img loading=\"lazy\" decoding=\"async\" width=\"300\" height=\"180\" src=\"https:\/\/www.bcd.bzh\/becedia\/bretagne-celtique\/wp-content\/uploads\/2022\/04\/lebraz_fulup-e1649922159545-300x180.jpg\" class=\"attachment-medium size-medium wp-post-image\" alt=\"\" style=\"width:100%;height:60%;max-width:1450px;\" srcset=\"https:\/\/www.bcd.bzh\/becedia\/bretagne-celtique\/wp-content\/uploads\/2022\/04\/lebraz_fulup-e1649922159545-300x180.jpg 300w, https:\/\/www.bcd.bzh\/becedia\/bretagne-celtique\/wp-content\/uploads\/2022\/04\/lebraz_fulup-e1649922159545-1024x614.jpg 1024w, https:\/\/www.bcd.bzh\/becedia\/bretagne-celtique\/wp-content\/uploads\/2022\/04\/lebraz_fulup-e1649922159545-768x461.jpg 768w, https:\/\/www.bcd.bzh\/becedia\/bretagne-celtique\/wp-content\/uploads\/2022\/04\/lebraz_fulup-e1649922159545.jpg 1450w\" sizes=\"auto, (max-width: 300px) 100vw, 300px\" \/><\/div><a class=\"wp-block-latest-posts__post-title\" href=\"https:\/\/www.bcd.bzh\/becedia\/bretagne-celtique\/2022\/04\/15\/de-la-quete-dun-age-dor-celtique-a-un-age-dor-de-la-collecte\/\">De la qu\u00eate d\u2019un \u00ab \u00e2ge d\u2019or \u00bb celtique \u00e0 un \u00ab \u00e2ge d\u2019or \u00bb de la collecte<\/a><\/li>\n<li><div class=\"wp-block-latest-posts__featured-image\"><img loading=\"lazy\" decoding=\"async\" width=\"300\" height=\"180\" src=\"https:\/\/www.bcd.bzh\/becedia\/bretagne-celtique\/wp-content\/uploads\/2022\/04\/La-villemarque-et-le-barzaz-breiz-e1649930550593-300x180.jpg\" class=\"attachment-medium size-medium wp-post-image\" alt=\"\" style=\"width:100%;height:59.93%;max-width:1228px;\" srcset=\"https:\/\/www.bcd.bzh\/becedia\/bretagne-celtique\/wp-content\/uploads\/2022\/04\/La-villemarque-et-le-barzaz-breiz-e1649930550593-300x180.jpg 300w, https:\/\/www.bcd.bzh\/becedia\/bretagne-celtique\/wp-content\/uploads\/2022\/04\/La-villemarque-et-le-barzaz-breiz-e1649930550593-1024x614.jpg 1024w, https:\/\/www.bcd.bzh\/becedia\/bretagne-celtique\/wp-content\/uploads\/2022\/04\/La-villemarque-et-le-barzaz-breiz-e1649930550593-768x460.jpg 768w, https:\/\/www.bcd.bzh\/becedia\/bretagne-celtique\/wp-content\/uploads\/2022\/04\/La-villemarque-et-le-barzaz-breiz-e1649930550593.jpg 1228w\" sizes=\"auto, (max-width: 300px) 100vw, 300px\" \/><\/div><a class=\"wp-block-latest-posts__post-title\" href=\"https:\/\/www.bcd.bzh\/becedia\/bretagne-celtique\/2022\/04\/14\/la-villemarque-et-le-barzaz-breiz\/\">La Villemarqu\u00e9 et le Barzaz-Breiz<\/a><\/li>\n<li><div class=\"wp-block-latest-posts__featured-image\"><img loading=\"lazy\" decoding=\"async\" width=\"300\" height=\"180\" src=\"https:\/\/www.bcd.bzh\/becedia\/bretagne-celtique\/wp-content\/uploads\/2022\/04\/Charles_de_Gaulle-e1649931518760-300x180.jpg\" class=\"attachment-medium size-medium wp-post-image\" alt=\"\" style=\"width:100%;height:60%;max-width:1395px;\" srcset=\"https:\/\/www.bcd.bzh\/becedia\/bretagne-celtique\/wp-content\/uploads\/2022\/04\/Charles_de_Gaulle-e1649931518760-300x180.jpg 300w, https:\/\/www.bcd.bzh\/becedia\/bretagne-celtique\/wp-content\/uploads\/2022\/04\/Charles_de_Gaulle-e1649931518760-1024x614.jpg 1024w, https:\/\/www.bcd.bzh\/becedia\/bretagne-celtique\/wp-content\/uploads\/2022\/04\/Charles_de_Gaulle-e1649931518760-768x461.jpg 768w, https:\/\/www.bcd.bzh\/becedia\/bretagne-celtique\/wp-content\/uploads\/2022\/04\/Charles_de_Gaulle-e1649931518760.jpg 1395w\" sizes=\"auto, (max-width: 300px) 100vw, 300px\" \/><\/div><a class=\"wp-block-latest-posts__post-title\" href=\"https:\/\/www.bcd.bzh\/becedia\/bretagne-celtique\/2022\/04\/14\/loncle-poete-lautre-charles-de-gaulle\/\">L\u2019oncle po\u00e8te\u00a0: l&rsquo;autre Charles de Gaulle<\/a><\/li>\n<li><div class=\"wp-block-latest-posts__featured-image\"><img loading=\"lazy\" decoding=\"async\" width=\"300\" height=\"180\" src=\"https:\/\/www.bcd.bzh\/becedia\/bretagne-celtique\/wp-content\/uploads\/2022\/04\/portrait_paul_sebillot_banniere-e1650032868251-300x180.jpg\" class=\"attachment-medium size-medium wp-post-image\" alt=\"\" style=\"width:100%;height:60%;max-width:1450px;\" srcset=\"https:\/\/www.bcd.bzh\/becedia\/bretagne-celtique\/wp-content\/uploads\/2022\/04\/portrait_paul_sebillot_banniere-e1650032868251-300x180.jpg 300w, https:\/\/www.bcd.bzh\/becedia\/bretagne-celtique\/wp-content\/uploads\/2022\/04\/portrait_paul_sebillot_banniere-e1650032868251-1024x614.jpg 1024w, https:\/\/www.bcd.bzh\/becedia\/bretagne-celtique\/wp-content\/uploads\/2022\/04\/portrait_paul_sebillot_banniere-e1650032868251-768x461.jpg 768w, https:\/\/www.bcd.bzh\/becedia\/bretagne-celtique\/wp-content\/uploads\/2022\/04\/portrait_paul_sebillot_banniere-e1650032868251.jpg 1450w\" sizes=\"auto, (max-width: 300px) 100vw, 300px\" \/><\/div><a class=\"wp-block-latest-posts__post-title\" href=\"https:\/\/www.bcd.bzh\/becedia\/bretagne-celtique\/2022\/04\/13\/paul-sebillot-1843-1918-un-prince-du-folklore\/\">Paul S\u00e9billot (1843-1918), un \u00ab Prince du folklore \u00bb<\/a><\/li>\n<li><div class=\"wp-block-latest-posts__featured-image\"><img loading=\"lazy\" decoding=\"async\" width=\"300\" height=\"180\" src=\"https:\/\/www.bcd.bzh\/becedia\/bretagne-celtique\/wp-content\/uploads\/2022\/04\/Barzaz-Breizh-e1650017958299-300x180.jpg\" class=\"attachment-medium size-medium wp-post-image\" alt=\"\" style=\"width:100%;height:60%;max-width:800px;\" srcset=\"https:\/\/www.bcd.bzh\/becedia\/bretagne-celtique\/wp-content\/uploads\/2022\/04\/Barzaz-Breizh-e1650017958299-300x180.jpg 300w, https:\/\/www.bcd.bzh\/becedia\/bretagne-celtique\/wp-content\/uploads\/2022\/04\/Barzaz-Breizh-e1650017958299-768x461.jpg 768w, https:\/\/www.bcd.bzh\/becedia\/bretagne-celtique\/wp-content\/uploads\/2022\/04\/Barzaz-Breizh-e1650017958299.jpg 800w\" sizes=\"auto, (max-width: 300px) 100vw, 300px\" \/><\/div><a class=\"wp-block-latest-posts__post-title\" href=\"https:\/\/www.bcd.bzh\/becedia\/bretagne-celtique\/2022\/04\/10\/podcast-la-decouverte-des-carnets-de-collecte-du-barzaz-breiz-le-14-septembre-1964\/\">Podcast &#8211; La d\u00e9couverte  du Barzaz Breiz<\/a><\/li>\n<\/ul>\n\n\n        <div class=\"alignwide nextprev\">\n\n    \n\n\n    \n\n                \n            <a class=\"bcd-lien nextprev__link nextprev__link--prev \" href=\"https:\/\/www.bcd.bzh\/becedia\/bretagne-celtique\/la-construction-dun-recit-les-premiers-recits-du-moyen-age\/\">\n            <span class=\"arrow\">\n                <svg class=\"icon\" viewBox=\"0 0 20 14\" fill=\"none\" ><path d=\"M7 14L8.41 12.59L3.83 8L20 8L20 6L3.83 6L8.42 1.41L7 -1.1365e-06L6.11959e-07 7L7 14Z\" fill=\"white\"\/><\/svg>    \n            <\/span>\n            <span class=\"link-title\">La construction d\u2019un r\u00e9cit : les premiers r\u00e9cits du Moyen \u00c2ge<\/span>\n            \n        <\/a>\n        \n        \n                \n            <a class=\"bcd-lien nextprev__link nextprev__link--next\" href=\"https:\/\/www.bcd.bzh\/becedia\/bretagne-celtique\/la-construction-recit-regionalisme-nationalisme-interceltisme\/\">La construction d\u2019un r\u00e9cit : R\u00e9gionalisme, nationalisme, interceltisme<span class=\"arrow\"> \n                            <svg class=\"icon\" viewBox=\"0 0 20 14\" fill=\"none\"><path d=\"M13 0L11.59 1.41L16.17 6H0V8H16.17L11.58 12.59L13 14L20 7L13 0Z\" fill=\"white\"><\/path><\/svg>\n                        <\/span><\/a>\n        \n            <\/div>\n\n    \n\n\n<p><\/p>\n","protected":false},"excerpt":{"rendered":"<p>\u00c0 partir du XVIIIe si\u00e8cle, la \u00ab&nbsp;celtomanie&nbsp;\u00bb s\u2019empare des \u00e9rudits. L\u2019\u00e9v\u00e9nement d\u00e9clencheur de cet engouement ? Il a lieu au Royaume-Uni en&nbsp;1761 avec la publication des Chants d\u2019Ossian par l\u2019\u00c9cossais Macpherson. Au XIXe si\u00e8cle, la red\u00e9couverte passionn\u00e9e des Celtes s\u2019inscrit dans la r\u00e9volution id\u00e9ologique et culturelle qui aboutit \u00e0 la formation des nations europ\u00e9ennes contemporaines.&hellip; <a class=\"more-link\" href=\"https:\/\/www.bcd.bzh\/becedia\/bretagne-celtique\/la-construction-recit-lengouement-celtomane\/\">Poursuivre la lecture <span class=\"screen-reader-text\">La construction d&rsquo;un r\u00e9cit : la naissance d&rsquo;une \u00ab\u00a0passion\u00a0\u00bb celtique<\/span><\/a><\/p>\n","protected":false},"author":1,"featured_media":210,"parent":0,"menu_order":0,"comment_status":"closed","ping_status":"closed","template":"tpl_page-contenu.php","meta":{"_acf_changed":false,"footnotes":""},"class_list":["post-36","page","type-page","status-publish","has-post-thumbnail","hentry","entry"],"acf":[],"yoast_head":"<!-- This site is optimized with the Yoast SEO plugin v24.2 - https:\/\/yoast.com\/wordpress\/plugins\/seo\/ -->\n<title>La construction d&#039;un r\u00e9cit : la naissance d&#039;une &quot;passion&#039;&#039; celtique - La Bretagne, terre celtique ?<\/title>\n<meta name=\"robots\" content=\"index, follow, max-snippet:-1, max-image-preview:large, max-video-preview:-1\" \/>\n<link rel=\"canonical\" href=\"https:\/\/www.bcd.bzh\/becedia\/bretagne-celtique\/la-construction-recit-lengouement-celtomane\/\" \/>\n<meta property=\"og:locale\" content=\"fr_FR\" \/>\n<meta property=\"og:type\" content=\"article\" \/>\n<meta property=\"og:title\" content=\"La construction d&#039;un r\u00e9cit : la naissance d&#039;une &quot;passion&#039;&#039; celtique - La Bretagne, terre celtique ?\" \/>\n<meta property=\"og:description\" content=\"\u00c0 partir du XVIIIe si\u00e8cle, la \u00ab&nbsp;celtomanie&nbsp;\u00bb s\u2019empare des \u00e9rudits. L\u2019\u00e9v\u00e9nement d\u00e9clencheur de cet engouement ? Il a lieu au Royaume-Uni en&nbsp;1761 avec la publication des Chants d\u2019Ossian par l\u2019\u00c9cossais Macpherson. Au XIXe si\u00e8cle, la red\u00e9couverte passionn\u00e9e des Celtes s\u2019inscrit dans la r\u00e9volution id\u00e9ologique et culturelle qui aboutit \u00e0 la formation des nations europ\u00e9ennes contemporaines.&hellip; Poursuivre la lecture La construction d&rsquo;un r\u00e9cit : la naissance d&rsquo;une \u00ab\u00a0passion\u00a0\u00bb celtique\" \/>\n<meta property=\"og:url\" content=\"https:\/\/www.bcd.bzh\/becedia\/bretagne-celtique\/la-construction-recit-lengouement-celtomane\/\" \/>\n<meta property=\"og:site_name\" content=\"La Bretagne, terre celtique ?\" \/>\n<meta property=\"article:publisher\" content=\"https:\/\/www.facebook.com\/bretagne.culturediversite\" \/>\n<meta property=\"article:modified_time\" content=\"2022-06-10T07:44:27+00:00\" \/>\n<meta property=\"og:image\" content=\"https:\/\/www.bcd.bzh\/becedia\/bretagne-celtique\/wp-content\/uploads\/2022\/04\/La-villemarque-et-le-barzaz-breiz-e1649930550593.jpg\" \/>\n\t<meta property=\"og:image:width\" content=\"1228\" \/>\n\t<meta property=\"og:image:height\" content=\"736\" \/>\n\t<meta property=\"og:image:type\" content=\"image\/jpeg\" \/>\n<meta name=\"twitter:card\" content=\"summary_large_image\" \/>\n<meta name=\"twitter:site\" content=\"@BCDsevenaduriou\" \/>\n<meta name=\"twitter:label1\" content=\"Dur\u00e9e de lecture estim\u00e9e\" \/>\n\t<meta name=\"twitter:data1\" content=\"1 minute\" \/>\n<script type=\"application\/ld+json\" class=\"yoast-schema-graph\">{\"@context\":\"https:\/\/schema.org\",\"@graph\":[{\"@type\":\"WebPage\",\"@id\":\"https:\/\/www.bcd.bzh\/becedia\/bretagne-celtique\/la-construction-recit-lengouement-celtomane\/\",\"url\":\"https:\/\/www.bcd.bzh\/becedia\/bretagne-celtique\/la-construction-recit-lengouement-celtomane\/\",\"name\":\"La construction d'un r\u00e9cit : la naissance d'une \\\"passion'' celtique - La Bretagne, terre celtique ?\",\"isPartOf\":{\"@id\":\"https:\/\/www.bcd.bzh\/becedia\/bretagne-celtique\/#website\"},\"primaryImageOfPage\":{\"@id\":\"https:\/\/www.bcd.bzh\/becedia\/bretagne-celtique\/la-construction-recit-lengouement-celtomane\/#primaryimage\"},\"image\":{\"@id\":\"https:\/\/www.bcd.bzh\/becedia\/bretagne-celtique\/la-construction-recit-lengouement-celtomane\/#primaryimage\"},\"thumbnailUrl\":\"https:\/\/www.bcd.bzh\/becedia\/bretagne-celtique\/wp-content\/uploads\/2022\/04\/La-villemarque-et-le-barzaz-breiz-e1649930550593.jpg\",\"datePublished\":\"2022-04-12T13:27:37+00:00\",\"dateModified\":\"2022-06-10T07:44:27+00:00\",\"breadcrumb\":{\"@id\":\"https:\/\/www.bcd.bzh\/becedia\/bretagne-celtique\/la-construction-recit-lengouement-celtomane\/#breadcrumb\"},\"inLanguage\":\"fr-FR\",\"potentialAction\":[{\"@type\":\"ReadAction\",\"target\":[\"https:\/\/www.bcd.bzh\/becedia\/bretagne-celtique\/la-construction-recit-lengouement-celtomane\/\"]}]},{\"@type\":\"ImageObject\",\"inLanguage\":\"fr-FR\",\"@id\":\"https:\/\/www.bcd.bzh\/becedia\/bretagne-celtique\/la-construction-recit-lengouement-celtomane\/#primaryimage\",\"url\":\"https:\/\/www.bcd.bzh\/becedia\/bretagne-celtique\/wp-content\/uploads\/2022\/04\/La-villemarque-et-le-barzaz-breiz-e1649930550593.jpg\",\"contentUrl\":\"https:\/\/www.bcd.bzh\/becedia\/bretagne-celtique\/wp-content\/uploads\/2022\/04\/La-villemarque-et-le-barzaz-breiz-e1649930550593.jpg\",\"width\":1228,\"height\":736,\"caption\":\"La Villemarqu\u00e9, \u00e0 trente ans, transcrivant un po\u00e8me sous la dict\u00e9e d\u2019un vieux chanteur. Gravure (extrait) d\u2019apr\u00e8s un dessin d\u2019Ernest Boyer paru dans Barzaz pe gannaouennou Breiz, Paris, 1845. Coll.part., Mellac. Photo Fa\u00f1ch Postic\"},{\"@type\":\"BreadcrumbList\",\"@id\":\"https:\/\/www.bcd.bzh\/becedia\/bretagne-celtique\/la-construction-recit-lengouement-celtomane\/#breadcrumb\",\"itemListElement\":[{\"@type\":\"ListItem\",\"position\":1,\"name\":\"Accueil\",\"item\":\"https:\/\/www.bcd.bzh\/becedia\/bretagne-celtique\/\"},{\"@type\":\"ListItem\",\"position\":2,\"name\":\"La construction d&rsquo;un r\u00e9cit : la naissance d&rsquo;une \u00ab\u00a0passion\u00a0\u00bb celtique\"}]},{\"@type\":\"WebSite\",\"@id\":\"https:\/\/www.bcd.bzh\/becedia\/bretagne-celtique\/#website\",\"url\":\"https:\/\/www.bcd.bzh\/becedia\/bretagne-celtique\/\",\"name\":\"La Bretagne, terre celtique ?\",\"description\":\"Bretagne Culture Diversit\u00e9\",\"publisher\":{\"@id\":\"https:\/\/www.bcd.bzh\/becedia\/bretagne-celtique\/#organization\"},\"potentialAction\":[{\"@type\":\"SearchAction\",\"target\":{\"@type\":\"EntryPoint\",\"urlTemplate\":\"https:\/\/www.bcd.bzh\/becedia\/bretagne-celtique\/?s={search_term_string}\"},\"query-input\":{\"@type\":\"PropertyValueSpecification\",\"valueRequired\":true,\"valueName\":\"search_term_string\"}}],\"inLanguage\":\"fr-FR\"},{\"@type\":\"Organization\",\"@id\":\"https:\/\/www.bcd.bzh\/becedia\/bretagne-celtique\/#organization\",\"name\":\"Bretagne Culture Diversit\u00e9\",\"url\":\"https:\/\/www.bcd.bzh\/becedia\/bretagne-celtique\/\",\"logo\":{\"@type\":\"ImageObject\",\"inLanguage\":\"fr-FR\",\"@id\":\"https:\/\/www.bcd.bzh\/becedia\/bretagne-celtique\/#\/schema\/logo\/image\/\",\"url\":\"https:\/\/www.bcd.bzh\/becedia\/bretagne-celtique\/wp-content\/uploads\/2022\/06\/Logo_Bretagne_Culture_Diversite.png\",\"contentUrl\":\"https:\/\/www.bcd.bzh\/becedia\/bretagne-celtique\/wp-content\/uploads\/2022\/06\/Logo_Bretagne_Culture_Diversite.png\",\"width\":400,\"height\":360,\"caption\":\"Bretagne Culture Diversit\u00e9\"},\"image\":{\"@id\":\"https:\/\/www.bcd.bzh\/becedia\/bretagne-celtique\/#\/schema\/logo\/image\/\"},\"sameAs\":[\"https:\/\/www.facebook.com\/bretagne.culturediversite\",\"https:\/\/x.com\/BCDsevenaduriou\"]}]}<\/script>\n<!-- \/ Yoast SEO plugin. -->","yoast_head_json":{"title":"La construction d'un r\u00e9cit : la naissance d'une \"passion'' celtique - La Bretagne, terre celtique ?","robots":{"index":"index","follow":"follow","max-snippet":"max-snippet:-1","max-image-preview":"max-image-preview:large","max-video-preview":"max-video-preview:-1"},"canonical":"https:\/\/www.bcd.bzh\/becedia\/bretagne-celtique\/la-construction-recit-lengouement-celtomane\/","og_locale":"fr_FR","og_type":"article","og_title":"La construction d'un r\u00e9cit : la naissance d'une \"passion'' celtique - La Bretagne, terre celtique ?","og_description":"\u00c0 partir du XVIIIe si\u00e8cle, la \u00ab&nbsp;celtomanie&nbsp;\u00bb s\u2019empare des \u00e9rudits. L\u2019\u00e9v\u00e9nement d\u00e9clencheur de cet engouement ? Il a lieu au Royaume-Uni en&nbsp;1761 avec la publication des Chants d\u2019Ossian par l\u2019\u00c9cossais Macpherson. Au XIXe si\u00e8cle, la red\u00e9couverte passionn\u00e9e des Celtes s\u2019inscrit dans la r\u00e9volution id\u00e9ologique et culturelle qui aboutit \u00e0 la formation des nations europ\u00e9ennes contemporaines.&hellip; Poursuivre la lecture La construction d&rsquo;un r\u00e9cit : la naissance d&rsquo;une \u00ab\u00a0passion\u00a0\u00bb celtique","og_url":"https:\/\/www.bcd.bzh\/becedia\/bretagne-celtique\/la-construction-recit-lengouement-celtomane\/","og_site_name":"La Bretagne, terre celtique ?","article_publisher":"https:\/\/www.facebook.com\/bretagne.culturediversite","article_modified_time":"2022-06-10T07:44:27+00:00","og_image":[{"width":1228,"height":736,"url":"https:\/\/www.bcd.bzh\/becedia\/bretagne-celtique\/wp-content\/uploads\/2022\/04\/La-villemarque-et-le-barzaz-breiz-e1649930550593.jpg","type":"image\/jpeg"}],"twitter_card":"summary_large_image","twitter_site":"@BCDsevenaduriou","twitter_misc":{"Dur\u00e9e de lecture estim\u00e9e":"1 minute"},"schema":{"@context":"https:\/\/schema.org","@graph":[{"@type":"WebPage","@id":"https:\/\/www.bcd.bzh\/becedia\/bretagne-celtique\/la-construction-recit-lengouement-celtomane\/","url":"https:\/\/www.bcd.bzh\/becedia\/bretagne-celtique\/la-construction-recit-lengouement-celtomane\/","name":"La construction d'un r\u00e9cit : la naissance d'une \"passion'' celtique - La Bretagne, terre celtique ?","isPartOf":{"@id":"https:\/\/www.bcd.bzh\/becedia\/bretagne-celtique\/#website"},"primaryImageOfPage":{"@id":"https:\/\/www.bcd.bzh\/becedia\/bretagne-celtique\/la-construction-recit-lengouement-celtomane\/#primaryimage"},"image":{"@id":"https:\/\/www.bcd.bzh\/becedia\/bretagne-celtique\/la-construction-recit-lengouement-celtomane\/#primaryimage"},"thumbnailUrl":"https:\/\/www.bcd.bzh\/becedia\/bretagne-celtique\/wp-content\/uploads\/2022\/04\/La-villemarque-et-le-barzaz-breiz-e1649930550593.jpg","datePublished":"2022-04-12T13:27:37+00:00","dateModified":"2022-06-10T07:44:27+00:00","breadcrumb":{"@id":"https:\/\/www.bcd.bzh\/becedia\/bretagne-celtique\/la-construction-recit-lengouement-celtomane\/#breadcrumb"},"inLanguage":"fr-FR","potentialAction":[{"@type":"ReadAction","target":["https:\/\/www.bcd.bzh\/becedia\/bretagne-celtique\/la-construction-recit-lengouement-celtomane\/"]}]},{"@type":"ImageObject","inLanguage":"fr-FR","@id":"https:\/\/www.bcd.bzh\/becedia\/bretagne-celtique\/la-construction-recit-lengouement-celtomane\/#primaryimage","url":"https:\/\/www.bcd.bzh\/becedia\/bretagne-celtique\/wp-content\/uploads\/2022\/04\/La-villemarque-et-le-barzaz-breiz-e1649930550593.jpg","contentUrl":"https:\/\/www.bcd.bzh\/becedia\/bretagne-celtique\/wp-content\/uploads\/2022\/04\/La-villemarque-et-le-barzaz-breiz-e1649930550593.jpg","width":1228,"height":736,"caption":"La Villemarqu\u00e9, \u00e0 trente ans, transcrivant un po\u00e8me sous la dict\u00e9e d\u2019un vieux chanteur. Gravure (extrait) d\u2019apr\u00e8s un dessin d\u2019Ernest Boyer paru dans Barzaz pe gannaouennou Breiz, Paris, 1845. Coll.part., Mellac. Photo Fa\u00f1ch Postic"},{"@type":"BreadcrumbList","@id":"https:\/\/www.bcd.bzh\/becedia\/bretagne-celtique\/la-construction-recit-lengouement-celtomane\/#breadcrumb","itemListElement":[{"@type":"ListItem","position":1,"name":"Accueil","item":"https:\/\/www.bcd.bzh\/becedia\/bretagne-celtique\/"},{"@type":"ListItem","position":2,"name":"La construction d&rsquo;un r\u00e9cit : la naissance d&rsquo;une \u00ab\u00a0passion\u00a0\u00bb celtique"}]},{"@type":"WebSite","@id":"https:\/\/www.bcd.bzh\/becedia\/bretagne-celtique\/#website","url":"https:\/\/www.bcd.bzh\/becedia\/bretagne-celtique\/","name":"La Bretagne, terre celtique ?","description":"Bretagne Culture Diversit\u00e9","publisher":{"@id":"https:\/\/www.bcd.bzh\/becedia\/bretagne-celtique\/#organization"},"potentialAction":[{"@type":"SearchAction","target":{"@type":"EntryPoint","urlTemplate":"https:\/\/www.bcd.bzh\/becedia\/bretagne-celtique\/?s={search_term_string}"},"query-input":{"@type":"PropertyValueSpecification","valueRequired":true,"valueName":"search_term_string"}}],"inLanguage":"fr-FR"},{"@type":"Organization","@id":"https:\/\/www.bcd.bzh\/becedia\/bretagne-celtique\/#organization","name":"Bretagne Culture Diversit\u00e9","url":"https:\/\/www.bcd.bzh\/becedia\/bretagne-celtique\/","logo":{"@type":"ImageObject","inLanguage":"fr-FR","@id":"https:\/\/www.bcd.bzh\/becedia\/bretagne-celtique\/#\/schema\/logo\/image\/","url":"https:\/\/www.bcd.bzh\/becedia\/bretagne-celtique\/wp-content\/uploads\/2022\/06\/Logo_Bretagne_Culture_Diversite.png","contentUrl":"https:\/\/www.bcd.bzh\/becedia\/bretagne-celtique\/wp-content\/uploads\/2022\/06\/Logo_Bretagne_Culture_Diversite.png","width":400,"height":360,"caption":"Bretagne Culture Diversit\u00e9"},"image":{"@id":"https:\/\/www.bcd.bzh\/becedia\/bretagne-celtique\/#\/schema\/logo\/image\/"},"sameAs":["https:\/\/www.facebook.com\/bretagne.culturediversite","https:\/\/x.com\/BCDsevenaduriou"]}]}},"_links":{"self":[{"href":"https:\/\/www.bcd.bzh\/becedia\/bretagne-celtique\/wp-json\/wp\/v2\/pages\/36","targetHints":{"allow":["GET"]}}],"collection":[{"href":"https:\/\/www.bcd.bzh\/becedia\/bretagne-celtique\/wp-json\/wp\/v2\/pages"}],"about":[{"href":"https:\/\/www.bcd.bzh\/becedia\/bretagne-celtique\/wp-json\/wp\/v2\/types\/page"}],"author":[{"embeddable":true,"href":"https:\/\/www.bcd.bzh\/becedia\/bretagne-celtique\/wp-json\/wp\/v2\/users\/1"}],"replies":[{"embeddable":true,"href":"https:\/\/www.bcd.bzh\/becedia\/bretagne-celtique\/wp-json\/wp\/v2\/comments?post=36"}],"version-history":[{"count":32,"href":"https:\/\/www.bcd.bzh\/becedia\/bretagne-celtique\/wp-json\/wp\/v2\/pages\/36\/revisions"}],"predecessor-version":[{"id":700,"href":"https:\/\/www.bcd.bzh\/becedia\/bretagne-celtique\/wp-json\/wp\/v2\/pages\/36\/revisions\/700"}],"wp:featuredmedia":[{"embeddable":true,"href":"https:\/\/www.bcd.bzh\/becedia\/bretagne-celtique\/wp-json\/wp\/v2\/media\/210"}],"wp:attachment":[{"href":"https:\/\/www.bcd.bzh\/becedia\/bretagne-celtique\/wp-json\/wp\/v2\/media?parent=36"}],"curies":[{"name":"wp","href":"https:\/\/api.w.org\/{rel}","templated":true}]}}